{"id":399,"date":"2022-09-19T13:24:21","date_gmt":"2022-09-19T11:24:21","guid":{"rendered":"https:\/\/hirder.be\/?page_id=399"},"modified":"2022-11-01T21:23:04","modified_gmt":"2022-11-01T20:23:04","slug":"liste-de-lecture-juillet-2022","status":"publish","type":"page","link":"https:\/\/hirder.be\/?page_id=399","title":{"rendered":"Liste de Lecture &#8211; Juillet 2022"},"content":{"rendered":"\n<p><strong>Liste de Lecture &#8211; Juillet 2022<\/strong><\/p>\n\n\n\n<p>Ce mois-ci, dans la Liste de Lecture :&nbsp;<\/p>\n\n\n\n<p>#Carne de chez HSN<br>#Widjigo de chez Albin Michel&nbsp;<br>#Darlinginthefranxx de chez Delcourt\/Tonkam<br>#DrStone de chez Gl\u00e9nat<br>#ShangriLaFrontier de chez Gl\u00e9nat&nbsp;<br>#AoAshi de chez Mangetsu<br>#OnePunchMan de chez Kurokawa<br>#JujutsuKaisen de chez Ki-Oon&nbsp;<br>#TokyoRevengers de chez Gl\u00e9nat&nbsp;<br>#20thCenturyBoys de chez Panini Manga<br>#OnePiece de chez Gl\u00e9nat&nbsp;<br>#Frieren de chez Ki-Oon<br>#FullMetalAlchemist de chez Kurokawa<br>#OshiNoKo de chez Kurokawa&nbsp;<br>#DemonSlayer de chez Panini Manga<br>#SpyxFamily de chez Kurokawa<\/p>\n\n\n\n<h3 class=\"wp-block-heading\">05\/07\/22 &#8211; Carne de Julia Richard &#8211; HSN &#8211; <a href=\"https:\/\/www.fr.fnac.be\/a14190584\/Julia-Richard-Carne#omnsearchpos=1\">Acheter<\/a> &#8211; Tiktok&nbsp;<\/h3>\n\n\n<div class=\"wp-block-image\">\n<figure class=\"alignleft size-large is-resized\"><img loading=\"lazy\" decoding=\"async\" src=\"https:\/\/hirder.be\/wp-content\/uploads\/2022\/09\/Carne-768x1024.jpeg\" alt=\"\" class=\"wp-image-400\" width=\"269\" height=\"359\" srcset=\"https:\/\/hirder.be\/wp-content\/uploads\/2022\/09\/Carne-768x1024.jpeg 768w, https:\/\/hirder.be\/wp-content\/uploads\/2022\/09\/Carne-225x300.jpeg 225w, https:\/\/hirder.be\/wp-content\/uploads\/2022\/09\/Carne-1152x1536.jpeg 1152w, https:\/\/hirder.be\/wp-content\/uploads\/2022\/09\/Carne-1536x2048.jpeg 1536w, https:\/\/hirder.be\/wp-content\/uploads\/2022\/09\/Carne-scaled.jpeg 1920w\" sizes=\"auto, (max-width: 269px) 100vw, 269px\" \/><figcaption>La couverture pleine de viande de Carne. <\/figcaption><\/figure>\n<\/div>\n\n\n<p>D\u00e9crire Carne est un peu comme essayer d\u2019expliquer le Sixi\u00e8me Sens sans spoiler. C\u2019est dur. Je vais essayer de jouer le jeu, mais si quelques spoiler se glisse dans cette chronique \u00e9crite, ne m\u2019en veuillez pas !&nbsp;<\/p>\n\n\n\n<p>Carne c\u2019est l\u2019histoire de Simon (ou de Phil ? Je ne sais plus), qui perd compl\u00e8tement la boule et qui devient un cannibale. On ne sait pas trop comment, mais ce n\u2019est pas tr\u00e8s important pour l\u2019histoire. On va donc le suivre dans ses aventures (et sa folie aussi accessoirement). De ce fait, l\u2019autrice, Julia Richard d\u00e9cide de faire de son roman, une pi\u00e8ce d\u00e9sordonn\u00e9e repr\u00e9sentant les pens\u00e9es de Simon\/Phil (si vous lisez le roman, vous comprendrez pourquoi je dis \u00e7a). A tel point que parfois c\u2019est compliqu\u00e9 de s\u2019y retrouver en tant que lecteur sur les diff\u00e9rents \u00e9v\u00e9nements.&nbsp;<\/p>\n\n\n\n<p>C\u2019est d\u2019ailleurs le seul vrai reproche que j\u2019ai \u00e0 faire \u00e0 cette histoire, m\u00eame si lorsque j\u2019ai acheter le roman, durant Troll et L\u00e9gendes 2022, j\u2019avais \u00e9t\u00e9 pr\u00e9venu que c\u2019\u00e9tait le bordel mais que \u00e7a servait l\u2019histoire. Et c\u2019est vrai. \u00c7a sert l\u2019histoire. On se retrouve avec le d\u00e9but du roman et des chapitres num\u00e9rot\u00e9s en n\u00e9gatif puis directement au chapitre 20 pour ensuite revenir au chapitre 2. \u00c7a sert l\u2019histoire. On comprend que Simon\/Phil ne va pas bien. Mais pour le lecteur c\u2019est clairement pas un plus. \u00c7a ne d\u00e9range pas la lecture du texte cependant, qui est certes bien moins fourni en termes plus ou moins inconnu que \u00ab&nbsp;Un \u00c9clat de Givre&nbsp;\u00bb de Estelle Faye (dont j\u2019ai parler le <a href=\"https:\/\/hirder.be\/liste-de-lecture-juin-2022\/\">mois pass\u00e9<\/a>), et donc c\u2019est largement plus \u00e0 la port\u00e9e de n\u2019importe quel lecteur.&nbsp;<\/p>\n\n\n\n<p>Reste que c\u2019est un genre un peu particulier. Entre la science-fiction et la science tout court, Julia Richard nous d\u00e9peint aussi \u00e0 travers son \u0153uvre la d\u00e9cadence d\u2019une soci\u00e9t\u00e9 qui vit pour le sensationnel, sans vraiment prendre en compte l\u2019aspect humain. Sans vraiment essayer de comprendre les deux camps sans obligatoirement devoir en choisir un.&nbsp;<\/p>\n\n\n\n<p>Une triste peinture qui n\u2019est malheureusement que le reflet de ce que l\u2019on a v\u00e9cu durant la Pand\u00e9mie du Covid. Parce que oui, bien que l\u2019histoire n\u2019en parle pas, les parall\u00e8les entre le cannibalisme de Carne et la Pand\u00e9mie qu\u2019on a tous connu sont l\u00e0 et sont judicieux. Et \u00e7a marche. Du coup, je vous recommande terriblement ce livre. Surtout si vous aimez les histoires un peu trash, qui se laissent lire sans se prendre la t\u00eate.&nbsp;<\/p>\n\n\n\n<p>Point fort :&nbsp;<\/p>\n\n\n\n<ul class=\"wp-block-list\"><li>L\u2019histoire.&nbsp;<\/li><li>Le personnage de Simon\/Phil<\/li><li>Le personnage de Jessica<\/li><li>Les quatre derniers chapitres&nbsp;<\/li><li>La composition du roman \u2026<\/li><\/ul>\n\n\n\n<p>Point faible :&nbsp;<\/p>\n\n\n\n<ul class=\"wp-block-list\"><li>Qui est aussi un point faible pour le lecteur.&nbsp;<\/li><\/ul>\n\n\n\n<p>9\/10.&nbsp;<\/p>\n\n\n\n<h3 class=\"wp-block-heading\">12\/07\/22 &#8211; Widjigo de Estelle Faye &#8211; Albin Michel &#8211; <a href=\"https:\/\/www.fr.fnac.be\/a16025338\/Estelle-Faye-Widjigo#omnsearchpos=1\">Acheter<\/a> &#8211; Tiktok<\/h3>\n\n\n<div class=\"wp-block-image\">\n<figure class=\"alignright size-large is-resized\"><img loading=\"lazy\" decoding=\"async\" src=\"https:\/\/hirder.be\/wp-content\/uploads\/2022\/09\/Widjigo-768x1024.jpeg\" alt=\"\" class=\"wp-image-401\" width=\"259\" height=\"345\" srcset=\"https:\/\/hirder.be\/wp-content\/uploads\/2022\/09\/Widjigo-768x1024.jpeg 768w, https:\/\/hirder.be\/wp-content\/uploads\/2022\/09\/Widjigo-225x300.jpeg 225w, https:\/\/hirder.be\/wp-content\/uploads\/2022\/09\/Widjigo-1152x1536.jpeg 1152w, https:\/\/hirder.be\/wp-content\/uploads\/2022\/09\/Widjigo-1536x2048.jpeg 1536w, https:\/\/hirder.be\/wp-content\/uploads\/2022\/09\/Widjigo-scaled.jpeg 1920w\" sizes=\"auto, (max-width: 259px) 100vw, 259px\" \/><figcaption>La couverture originale de Widjigo.<\/figcaption><\/figure>\n<\/div>\n\n\n<p>Estelle Faye est d\u00e9cid\u00e9ment une autrice \u00e0 part. Apr\u00e8s avoir lu \u00ab&nbsp;Un \u00c9clat de Givre&nbsp;\u00bb <a href=\"https:\/\/hirder.be\/liste-de-lecture-juin-2022\/\">le mois pass\u00e9<\/a>, j\u2019entamais juste apr\u00e8s Carne le second roman que je poss\u00e8de d\u2019Estelle Faye. C\u2019est une histoire totalement diff\u00e9rente et je me dois de vous la r\u00e9sumez rapidement.&nbsp;<\/p>\n\n\n\n<p>En 1793, le jeune lieutenant de l\u2019arm\u00e9e fran\u00e7aise, Jean Verdier est en Bretagne pour arr\u00eater Justinien de Salers, un noble dont l\u2019implication dans la R\u00e9volution pose probl\u00e8me. Mais alors qu\u2019il est sur le point de prendre d\u2019assaut la tour du vieux comte, ce dernier l\u2019invite dans sa tour. Il souhaite lui raconter une histoire, apr\u00e8s quoi, il se rendra sans cr\u00e9er de probl\u00e8me. Cette histoire c\u2019est ce qu\u2019il s\u2019est pass\u00e9 sur les cotes de Terre-Neuves, quarante ans auparavant.&nbsp;<\/p>\n\n\n\n<p>Les bases sont pos\u00e9es. Et autant dire que le livre est vraiment bon. D\u00e8s le d\u00e9but, Estelle Faye parvient \u00e0 nous mettre dans l\u2019ambiance pauvre et sans rep\u00e8re de la r\u00e9volution fran\u00e7aise. Encore plus exacerb\u00e9 par son vocabulaire parfois trop compliqu\u00e9 (pourquoi dire une pelisse plut\u00f4t qu\u2019un manteau de fourrure ? Sans doute pour enrichir le texte), elle nous emm\u00e8ne faire un voyage au fin fond de Terre Neuve ou mythe et l\u00e9gendes croisent notre chemin. Mais alors le roman est-il convenu ? Non, loin de l\u00e0. Le myst\u00e8re reste entier jusqu\u2019au dernier chapitre o\u00f9 toutes les explications nous serons donn\u00e9e afin que l\u2019on comprenne ou Justinien, veut en venir.&nbsp;<\/p>\n\n\n\n<p>Elle r\u00e9ussit aussi \u00e0 nous glacer le sang, tant \u00e0 travers des mots que des ambiances ou des personnages plus malsains, car profond\u00e9ment humain. Mais l\u00e0 o\u00f9 le titre est accrocheur, il n\u2019y a en v\u00e9rit\u00e9 qu\u2019une br\u00e8ve apparition. Subtile.&nbsp;<\/p>\n\n\n\n<p>Je vous invite vraiment \u00e0 lire ce livre. Il m\u2019a captiv\u00e9 du d\u00e9but \u00e0 la fin et ses 249 pages ne devraient pas trop vous rebutez.&nbsp;<\/p>\n\n\n\n<p>Points fort :&nbsp;<\/p>\n\n\n\n<ul class=\"wp-block-list\"><li>L\u2019ambiance&nbsp;<\/li><li>Les personnages de Justinien et de Veneur<\/li><li>Le plot twist de la fin<\/li><\/ul>\n\n\n\n<p>Point faible :&nbsp;<\/p>\n\n\n\n<ul class=\"wp-block-list\"><li>Une \u00e9criture parfois lourde pour dire des choses simples<\/li><\/ul>\n\n\n\n<p>9\/10<\/p>\n\n\n\n<h3 class=\"wp-block-heading\">12\/07\/22 &#8211; Darling in the Franxx &#8211; T2 de Kentaro Yabuki &#8211; Delcourt\/Tonkam &#8211; <a href=\"https:\/\/www.fr.fnac.be\/a16581186\/Darling-in-the-Franxx-Tome-02-Darling-in-the-Franxx-Kentaro-Yabuki#omnsearchpos=1\">Acheter<\/a> &#8211; Tiktok&nbsp;<\/h3>\n\n\n<div class=\"wp-block-image\">\n<figure class=\"alignleft size-large is-resized\"><img loading=\"lazy\" decoding=\"async\" src=\"https:\/\/hirder.be\/wp-content\/uploads\/2022\/09\/Darling_2-768x1024.jpeg\" alt=\"\" class=\"wp-image-402\" width=\"225\" height=\"300\" srcset=\"https:\/\/hirder.be\/wp-content\/uploads\/2022\/09\/Darling_2-768x1024.jpeg 768w, https:\/\/hirder.be\/wp-content\/uploads\/2022\/09\/Darling_2-225x300.jpeg 225w, https:\/\/hirder.be\/wp-content\/uploads\/2022\/09\/Darling_2-1152x1536.jpeg 1152w, https:\/\/hirder.be\/wp-content\/uploads\/2022\/09\/Darling_2-1536x2048.jpeg 1536w, https:\/\/hirder.be\/wp-content\/uploads\/2022\/09\/Darling_2-scaled.jpeg 1920w\" sizes=\"auto, (max-width: 225px) 100vw, 225px\" \/><figcaption>La couverture simple de Darling in The Franxx. Elle est brillante, mais \u00e7a ne se voit pas du tout sur la photo. <\/figcaption><\/figure>\n<\/div>\n\n\n<p>Bon \u2026 Apr\u00e8s le tome ou \u00e7a volait d\u00e9j\u00e0 pas haut, le tome 2 est l\u00e0. Et comment dire ? C\u2019est dans la m\u00eame lign\u00e9e que le tome 1. Genre vraiment. \u00c7a me d\u00e9range absolument pas de voir des nanas \u00e0 poil, mais l\u00e0, c\u2019est \u00e0 outrance. D\u00e8s que l\u2019auteur a l\u2019occasion de faire une pose hyper suggestive, de montrer une poitrine ou une paire de fesse il le fait. Et si en plus c\u2019est obligatoire dans l\u2019histoire \u2026&nbsp;<\/p>\n\n\n\n<p>Je dis \u00e7a parce que c\u2019est le cas. Les FranXX, ces robots g\u00e9ants sont pilot\u00e9s, comme si les pilotes avaient des relations intimes. Et \u00e7a, \u00e7a me d\u00e9range. Le manga pour \u00eatre tellement mieux so c\u2019\u00e9tait pas sexualis\u00e9 \u00e0 outrance. Pourtant malgr\u00e9 \u00e7a, je continuerai \u00e0 lire les tomes parce que la relations qui se d\u00e9veloppe entre Hiro et Z\u00e9ro Two est int\u00e9ressante tout comme de nombreux non dit entre Hiro et Ichigo. Juste vraiment dommage que \u00e7a soit sexualis\u00e9 \u00e0 outrance.&nbsp;<\/p>\n\n\n\n<p><br><br>Points positifs :&nbsp;<\/p>\n\n\n\n<ul class=\"wp-block-list\"><li>L\u2019histoire qui me semble bonne<\/li><\/ul>\n\n\n\n<p>Points n\u00e9gatifs :&nbsp;<\/p>\n\n\n\n<ul class=\"wp-block-list\"><li>La sexualisation a outrance des personnages f\u00e9minins&nbsp;<\/li><li>Le personnage principal.&nbsp;<\/li><\/ul>\n\n\n\n<p>6\/10&nbsp;<\/p>\n\n\n\n<h3 class=\"wp-block-heading\">13\/07\/22 &#8211; Dr Stone &#8211; T1 de Riichiro Inagaki &amp; Boichi &#8211; Gl\u00e9nat &#8211; <a href=\"https:\/\/www.fr.fnac.be\/a11233866\/Dr-Stone-Stone-World-Tome-01-Dr-Stone-Riichiro-Inagaki#omnsearchpos=1\">Acheter<\/a> &#8211; Tiktok&nbsp;<\/h3>\n\n\n<div class=\"wp-block-image\">\n<figure class=\"alignright size-large is-resized\"><img loading=\"lazy\" decoding=\"async\" src=\"https:\/\/hirder.be\/wp-content\/uploads\/2022\/09\/DrStone_1-768x1024.jpeg\" alt=\"\" class=\"wp-image-403\" width=\"239\" height=\"319\" srcset=\"https:\/\/hirder.be\/wp-content\/uploads\/2022\/09\/DrStone_1-768x1024.jpeg 768w, https:\/\/hirder.be\/wp-content\/uploads\/2022\/09\/DrStone_1-225x300.jpeg 225w, https:\/\/hirder.be\/wp-content\/uploads\/2022\/09\/DrStone_1-1152x1536.jpeg 1152w, https:\/\/hirder.be\/wp-content\/uploads\/2022\/09\/DrStone_1-1536x2048.jpeg 1536w, https:\/\/hirder.be\/wp-content\/uploads\/2022\/09\/DrStone_1-scaled.jpeg 1920w\" sizes=\"auto, (max-width: 239px) 100vw, 239px\" \/><figcaption>La couverture de Dr Stone. <\/figcaption><\/figure>\n<\/div>\n\n\n<p>Dr Stone \u00e7a raconte l\u2019histoire de Senku et Taiju, deux lyc\u00e9ens qui se retrouvent p\u00e9trifi\u00e9 comme le reste de l\u2019humanit\u00e9 en pierre. 3700 ans plus tard, ils se r\u00e9veillent sans comprendre pourquoi ils ont \u00e9t\u00e9 transform\u00e9 en pierre. Objectif, reb\u00e2tir la civilisation ! Mais sur le chemin, ils lib\u00e8rent gr\u00e2ce \u00e0 un \u00e9lixir de leur invention, Tsukasa, qui n\u2019a pas la m\u00eame vision qu\u2019eux. D\u00e9bute ainsi leur voyage.&nbsp;<\/p>\n\n\n\n<p>J\u2019ai beaucoup entendu parler de Dr Stone, mais j\u2019avais jamais pris le temps de la lire. Et je regrette de ne pas l\u2019avoir fait avant. Parce que c\u2019est tout simplement g\u00e9nial. Rien que le fait que \u00e7a soit bas\u00e9 sur la science est g\u00e9nial. Pourquoi ? Tout simplement parce que \u00e7a rend chaque action des personnages encore plus logique, puisqu\u2019elle est r\u00e9alisable dans la vraie vie. Et que dire des dessins de Boichi ? Ils sont sublimes. Je suis moins convaincu quand il s\u2019agit de Yuzuhira que je trouve un peu rat\u00e9, mais pour le reste c\u2019est top. Ha et j\u2019allais oubli\u00e9 mais c\u2019est sc\u00e9naris\u00e9 par Riichiro Inagaki. Rien que \u00e7a, \u00e7a vaut le coup.&nbsp;<\/p>\n\n\n\n<p>Points positifs :&nbsp;<\/p>\n\n\n\n<ul class=\"wp-block-list\"><li>Le sc\u00e9nario qui sort de l\u2019ordinaire<\/li><li>Senku.&nbsp;<\/li><\/ul>\n\n\n\n<p>Points n\u00e9gatifs :&nbsp;<\/p>\n\n\n\n<ul class=\"wp-block-list\"><li>Le design de Yuzuhira que je trouve vraiment rat\u00e9.&nbsp;<\/li><\/ul>\n\n\n\n<p>9\/10<\/p>\n\n\n\n<h3 class=\"wp-block-heading\">13\/07\/22 &#8211; Shangri-La-Frontier &#8211; T4 de Ryosuke Fuji &amp; Katarina &#8211; Gl\u00e9nat &#8211; <a href=\"https:\/\/livre.fnac.com\/a16558500\/Shangri-La-Frontier-Tome-04-Shangri-la-Frontier-Katarina\">Acheter<\/a> &#8211; Tiktok&nbsp;<\/h3>\n\n\n<div class=\"wp-block-image\">\n<figure class=\"alignleft size-large is-resized\"><img loading=\"lazy\" decoding=\"async\" src=\"https:\/\/hirder.be\/wp-content\/uploads\/2022\/09\/Shangri_4-768x1024.jpeg\" alt=\"\" class=\"wp-image-404\" width=\"241\" height=\"321\" srcset=\"https:\/\/hirder.be\/wp-content\/uploads\/2022\/09\/Shangri_4-768x1024.jpeg 768w, https:\/\/hirder.be\/wp-content\/uploads\/2022\/09\/Shangri_4-225x300.jpeg 225w, https:\/\/hirder.be\/wp-content\/uploads\/2022\/09\/Shangri_4-1152x1536.jpeg 1152w, https:\/\/hirder.be\/wp-content\/uploads\/2022\/09\/Shangri_4-1536x2048.jpeg 1536w, https:\/\/hirder.be\/wp-content\/uploads\/2022\/09\/Shangri_4-scaled.jpeg 1920w\" sizes=\"auto, (max-width: 241px) 100vw, 241px\" \/><figcaption>La couverture de Shangri-La-Frontier-La Fronti\u00e8re 4<\/figcaption><\/figure>\n<\/div>\n\n\n<p>Je vous ai d\u00e9j\u00e0 parl\u00e9 de ce manga, je n\u2019ai pas besoin de vous d\u00e9crire ce dont \u00e7a parle. Ce tome est un peu moins bons que les pr\u00e9c\u00e9dents m\u00eame si l\u2019introduction des membres de la famille de Sunraku, laisse pr\u00e9sager un possible th\u00e8me sur l\u2019addiction au jeu, ou voire m\u00eame l\u2019addiction \u00e0 des passions en tout genre.&nbsp;<\/p>\n\n\n\n<p>C\u2019est un peu le probl\u00e8me d\u2019ailleurs c\u2019est que vu qu\u2019on d\u00e9cide de prendre \u00e0 contre-pied la suite de l\u2019histoire, on se retrouve quasiment sans aucune \u00e9volution ou aucune avanc\u00e9e par rapport au tome 3. Alors oui, c\u2019est vrai que Rei, parvient enfin \u00e0 envoyer un message \u00e0 Sunraku, mais quasiment directement court-circuiter par l\u2019attaque d\u2019une guilde de PK.&nbsp;<\/p>\n\n\n\n<p>Mais si je dois relever un point positif, c\u2019est clairement le dessin. Il est plut\u00f4t net, expressif, compr\u00e9hensible et simple. Ce qui rend le tout parfaitement lisible, m\u00eame sur des d\u00e9cors qui le sont un peu moins (je pense notamment au combat final de ce tome).&nbsp;<\/p>\n\n\n\n<p>Points positifs :&nbsp;<\/p>\n\n\n\n<ul class=\"wp-block-list\"><li>Le fait que \u00e7a se d\u00e9roule dans un MMO<\/li><li>L\u2019univers et les qu\u00eates uniques&nbsp;<\/li><li>La possible romance entre Sunraku et Rei<\/li><\/ul>\n\n\n\n<p>Points n\u00e9gatifs :&nbsp;<\/p>\n\n\n\n<ul class=\"wp-block-list\"><li>L\u2019histoire se tra\u00eene un peu<\/li><li>Trop d\u2019explication sur les diff\u00e9rents sorts et cr\u00e9atures<\/li><li>Un chapitre entier inutile.&nbsp;<\/li><\/ul>\n\n\n\n<p>5\/10<\/p>\n\n\n\n<h3 class=\"wp-block-heading\">13\/07\/22 &#8211; Ao Ashi &#8211; T1 de Y\u00fbgo Kobayashi &#8211; Mangetsu &#8211; <a href=\"https:\/\/livre.fnac.com\/a15694793\/Ao-Ashi-Tome-01-Ao-ashi-Yugo-Kobayashi\">Acheter<\/a> &#8211; Tiktok&nbsp;<\/h3>\n\n\n<div class=\"wp-block-image\">\n<figure class=\"alignright size-large is-resized\"><img loading=\"lazy\" decoding=\"async\" src=\"https:\/\/hirder.be\/wp-content\/uploads\/2022\/09\/AoAshi_1-768x1024.jpeg\" alt=\"\" class=\"wp-image-405\" width=\"253\" height=\"337\" srcset=\"https:\/\/hirder.be\/wp-content\/uploads\/2022\/09\/AoAshi_1-768x1024.jpeg 768w, https:\/\/hirder.be\/wp-content\/uploads\/2022\/09\/AoAshi_1-225x300.jpeg 225w, https:\/\/hirder.be\/wp-content\/uploads\/2022\/09\/AoAshi_1-1152x1536.jpeg 1152w, https:\/\/hirder.be\/wp-content\/uploads\/2022\/09\/AoAshi_1-1536x2048.jpeg 1536w, https:\/\/hirder.be\/wp-content\/uploads\/2022\/09\/AoAshi_1-scaled.jpeg 1920w\" sizes=\"auto, (max-width: 253px) 100vw, 253px\" \/><figcaption>La couverture de Ao Ashi T1<\/figcaption><\/figure>\n<\/div>\n\n\n<p>J\u2019ai profiter d\u2019une offre promotionnelle pour me prendre les deux premiers tomes \u00e0 3\u20ac\/pi\u00e8ces. Du coup, en tant que fan de football, j\u2019ai vraiment eu h\u00e2te de commencer ce manga. Il s\u2019agit seulement de mon deuxi\u00e8me manga de sport et paradoxalement, mon deuxi\u00e8me sur le football.&nbsp;<\/p>\n\n\n\n<p>Je m\u2019attendais \u00e0 ce que cela soit diff\u00e9rent de Blue Lock, dans le sens o\u00f9 l\u2019originalit\u00e9 de Blue Lock r\u00e9side justement dans ce m\u00e9lange entre un battle royale et le football. Ici c\u2019est un peu plus classique, mais finalement efficace.&nbsp;<\/p>\n\n\n\n<p>On suit donc l\u2019histoire de Aoi Ashito, jeune coll\u00e9gien, qui est un joueur de foot personnel, moyen, courageux et surtout ambitieux. Il r\u00eave de devenir joueur professionnel et se fait rep\u00e9rer par l\u2019entra\u00eeneur des U18 du meilleur club du Japon en terme de formation, le Tokyo Esperion Football Club (abr\u00e9geons \u00e7a en TEFC). Entra\u00eeneur qui vient de la m\u00eame petite ville que notre Ashito.&nbsp;<\/p>\n\n\n\n<p>Il doit alors passer les cruels et difficile test de s\u00e9lection pour savoir si oui ou non, il int\u00e8grera la formation.&nbsp;<\/p>\n\n\n\n<p>Autant vous le dire tout de suite, je suis conquis. Les dessins sont sublimes. Ils rendent justice \u00e0 la beaut\u00e9 qu\u2019est le football en terme de jeu. Le sc\u00e9nario est certes classique, parce qu\u2019on est dans un Sh\u00f4nen tout de m\u00eame, mais hyper efficace. Y\u00fbgo Kobayashi ne perd pas de temps inutilement, m\u00eame si il prend le temps d\u2019approfondir la relation entre Ashito et sa famille. H\u00e2te de lire le tome 2&nbsp;<\/p>\n\n\n\n<p>Points positif :&nbsp;<\/p>\n\n\n\n<ul class=\"wp-block-list\"><li>L\u2019histoire<\/li><li>Les dessins<\/li><li>La connaissance du football&nbsp;<\/li><\/ul>\n\n\n\n<p>Points n\u00e9gatifs :&nbsp;<\/p>\n\n\n\n<ul class=\"wp-block-list\"><li>Sh\u00f4nen un peu trop classique pour l\u2019instant<\/li><li>Le temp\u00e9rament de Ashito<\/li><\/ul>\n\n\n\n<p>8\/10<\/p>\n\n\n\n<h3 class=\"wp-block-heading\">13\/07\/22 &#8211; Ao Ashi &#8211; T2 de Y\u00fbgo Kobayashi &#8211; Mangetsu &#8211; <a href=\"https:\/\/livre.fnac.com\/a15694794\/Ao-Ashi-Tome-2-Ao-ashi-Yugo-Kobayashi#int=S:Autres%20oeuvres%20de|FA:LIV|1|15694794|BL9|L1\">Acheter<\/a> &#8211; Tiktok&nbsp;<\/h3>\n\n\n<div class=\"wp-block-image\">\n<figure class=\"alignleft size-large is-resized\"><img loading=\"lazy\" decoding=\"async\" src=\"https:\/\/hirder.be\/wp-content\/uploads\/2022\/09\/AoAshi2-768x1024.jpeg\" alt=\"\" class=\"wp-image-406\" width=\"298\" height=\"397\" srcset=\"https:\/\/hirder.be\/wp-content\/uploads\/2022\/09\/AoAshi2-768x1024.jpeg 768w, https:\/\/hirder.be\/wp-content\/uploads\/2022\/09\/AoAshi2-225x300.jpeg 225w, https:\/\/hirder.be\/wp-content\/uploads\/2022\/09\/AoAshi2-1152x1536.jpeg 1152w, https:\/\/hirder.be\/wp-content\/uploads\/2022\/09\/AoAshi2-1536x2048.jpeg 1536w, https:\/\/hirder.be\/wp-content\/uploads\/2022\/09\/AoAshi2-scaled.jpeg 1920w\" sizes=\"auto, (max-width: 298px) 100vw, 298px\" \/><figcaption>La couv&rsquo; du T2 de Ao Ashi<\/figcaption><\/figure>\n<\/div>\n\n\n<p>Je vous avais dit que j\u2019avais h\u00e2te de lire le tome 2 ? Et bien c\u2019est fait. Le moins qu\u2019on puisse dire c\u2019est que je l\u2019ai d\u00e9vor\u00e9 et que je vais vraiment prendre la suite.&nbsp;<\/p>\n\n\n\n<p>Alors qu\u2019il fait partie des onze derniers joueurs (sur quatre vingt trois!!) de la s\u00e9lection pour les U18 du TEFC, Ashito apprend qu\u2019il va devoir jouer contre les U18 actuel du club. On aura pu croire que \u00e7a serait dur, mais au final les U18 se r\u00e9v\u00e8lent \u00eatre un peu brouillon et pas franchement tr\u00e8s bon. Est-ce une strat\u00e9gie ?&nbsp;<\/p>\n\n\n\n<p>Oui. En quelque sorte. Lorsqu\u2019ils sont au point, ils balancent tout ce qu\u2019ils ont et m\u00e8nent rapidement 2-0. Vraiment une d\u00e9ception pour les aspirants qui avaient pourtant bien d\u00e9buter la rencontre. S\u2019en suis alors une s\u00e9rie de p\u00e9rip\u00e9ties, qui vont confronter Ashito dans son choix de continuer l\u2019aventure.&nbsp;<\/p>\n\n\n\n<p>Qu\u2019est ce que je peux dire ? C\u2019est excellent. J\u2019emploie pas souvent cet adjectif, mais l\u00e0 je suis admiratif et je tire mon chapeau. Le sc\u00e9nario est convenu, comme dans tout les Sh\u00f4nen, mais il a quand m\u00eame r\u00e9ussit \u00e0 le captiver. C\u2019est vrai que Ashito et les siens finissent par perdre le match, mais ce n\u2019\u00e9tait pas le plus important dans cette histoire.&nbsp;<\/p>\n\n\n\n<p>Et que dire des dessins ? Sur l\u2019un d\u2019entre eux, j\u2019ai m\u00eame eux l\u2019impression que Y\u00fbgo Kobayashi s\u2019\u00e9tait inspir\u00e9 d\u2019un vrai but marqu\u00e9, tellement la chor\u00e9graphie de la phase est juste, que \u00e7a soit en terme de passe, en terme de tactique ou encore en terme de physique. J\u2019ai vraiment eu l\u2019impression de voir l\u2019action se d\u00e9rouler devant les yeux. Si vous lisez le tome un jour, je parle de la page 182.&nbsp;<\/p>\n\n\n\n<p>Points positifs :&nbsp;<\/p>\n\n\n\n<ul class=\"wp-block-list\"><li>L\u2019histoire<\/li><li>Les dessins<\/li><li>Le fait que \u00e7a soit un manga sur le football classique<\/li><\/ul>\n\n\n\n<p>Points n\u00e9gatifs :&nbsp;<\/p>\n\n\n\n<ul class=\"wp-block-list\"><li>Certains personnages clich\u00e9s.&nbsp;<\/li><\/ul>\n\n\n\n<p>8.5\/10<\/p>\n\n\n\n<h3 class=\"wp-block-heading\">15\/07\/22 &#8211; One Punch &#8211; T4 de Yusuke Murata &#8211; Kurokawa &#8211; <a href=\"https:\/\/www.amazon.fr\/ONE-PUNCH-MAN-04-4-ONE\/dp\/2368523766\">Acheter<\/a> &#8211; Tiktok&nbsp;<\/h3>\n\n\n<div class=\"wp-block-image\">\n<figure class=\"alignright size-large is-resized\"><img loading=\"lazy\" decoding=\"async\" src=\"https:\/\/hirder.be\/wp-content\/uploads\/2022\/09\/One_Punch_Man_3-768x1024.jpeg\" alt=\"\" class=\"wp-image-407\" width=\"215\" height=\"287\" srcset=\"https:\/\/hirder.be\/wp-content\/uploads\/2022\/09\/One_Punch_Man_3-768x1024.jpeg 768w, https:\/\/hirder.be\/wp-content\/uploads\/2022\/09\/One_Punch_Man_3-225x300.jpeg 225w, https:\/\/hirder.be\/wp-content\/uploads\/2022\/09\/One_Punch_Man_3-1152x1536.jpeg 1152w, https:\/\/hirder.be\/wp-content\/uploads\/2022\/09\/One_Punch_Man_3-1536x2048.jpeg 1536w, https:\/\/hirder.be\/wp-content\/uploads\/2022\/09\/One_Punch_Man_3-scaled.jpeg 1920w\" sizes=\"auto, (max-width: 215px) 100vw, 215px\" \/><figcaption>La couv&rsquo; du T4 de One Punch Man (et mon pied en arri\u00e8re plan)<\/figcaption><\/figure>\n<\/div>\n\n\n<p>J\u2019adore ce manga. En plus d\u2019aimer le Mangaka qui est aussi l\u2019auteur de Eyeshield21, j\u2019aime vraiment l\u2019histoire. Parce qu\u2019elle prend vraiment le contrepied de ce qui se fait d\u2019habitude dans ce genre d\u2019histoire. Mais c\u2019est aussi un peu ce qui lui fait d\u00e9faut. Comment aborder un personnage si puissant sans que ses combats ne se finissent en deux pages ? Et bien le doter une stupidit\u00e9 sans pareille.&nbsp;<\/p>\n\n\n\n<p>C\u2019est donc du c\u00f4t\u00e9 cerveau que Saitama va devoir s\u2019am\u00e9liorer. Sans quoi \u00e7a risque de lui co\u00fbter sa place dans le classement des super h\u00e9ros. Classement qu\u2019il devrait largement domin\u00e9 mais vu qu\u2019il est aussi b\u00eate que ses pieds, il n\u2019est que de rang C, alors que G\u00e9nos, son acolyte, lui est de rang S. Et comment ne pas faire si vous avez vu l\u2019anime pour imaginer Saitama sans la voix d\u2019Orelsan ? Je n\u2019y arrive pas pour ma part !&nbsp;<\/p>\n\n\n\n<p>Il s\u2019agit l\u00e0 d\u2019un tr\u00e8s bon tome malgr\u00e9 tout parce qu\u2019il aborde un th\u00e8me plut\u00f4t juste. Est-ce que les super h\u00e9ros le sont vraiment si malgr\u00e9 le sauvetage de la ville, celle-ci est d\u00e9truite partiellement \u00e0 la suite du sauvetage ? Ici, il s\u2019agit d\u2019une m\u00e9t\u00e9orite mais le sujet a le chic d\u2019\u00eatre abord\u00e9 et Saitama d\u2019y rem\u00e9dier.&nbsp;<\/p>\n\n\n\n<p>Points positifs :&nbsp;<\/p>\n\n\n\n<ul class=\"wp-block-list\"><li>Le contrepieds parfait au type Sh\u00f4nen&nbsp;<\/li><li>Le personnage de Saitama<\/li><li>Les dessins<\/li><\/ul>\n\n\n\n<p>Points n\u00e9gatifs :&nbsp;<\/p>\n\n\n\n<ul class=\"wp-block-list\"><li>Le flou dans certains dessins emp\u00eachent de bien les appr\u00e9ci\u00e9es&nbsp;<\/li><li>Genos et son obsession pour Saitama<\/li><\/ul>\n\n\n\n<p>8\/10<\/p>\n\n\n\n<h3 class=\"wp-block-heading\">16\/07\/22 &#8211; Jujutsu Kaisen &#8211; T1 de Gege Akutami &#8211; Ki-oon &#8211; <a href=\"https:\/\/www.amazon.fr\/Jujutsu-Kaisen-T01-Gege-Akutami\/dp\/B07TNNP3ZL\/ref=sr_1_1?__mk_fr_FR=\u00c5M\u00c5\u017d\u00d5\u00d1&amp;crid=13XO3ABHJZG11&amp;keywords=Jujutsu+kaisen+1&amp;qid=1663584140&amp;s=books&amp;sprefix=jujuts%2Cstripbooks%2C1044&amp;sr=1-1\">Acheter<\/a> &#8211; Tiktok<\/h3>\n\n\n<div class=\"wp-block-image\">\n<figure class=\"alignleft size-large is-resized\"><img loading=\"lazy\" decoding=\"async\" src=\"https:\/\/hirder.be\/wp-content\/uploads\/2022\/09\/Jujutsu_Kaisen_1-768x1024.jpeg\" alt=\"\" class=\"wp-image-408\" width=\"246\" height=\"328\" srcset=\"https:\/\/hirder.be\/wp-content\/uploads\/2022\/09\/Jujutsu_Kaisen_1-768x1024.jpeg 768w, https:\/\/hirder.be\/wp-content\/uploads\/2022\/09\/Jujutsu_Kaisen_1-225x300.jpeg 225w, https:\/\/hirder.be\/wp-content\/uploads\/2022\/09\/Jujutsu_Kaisen_1-1152x1536.jpeg 1152w, https:\/\/hirder.be\/wp-content\/uploads\/2022\/09\/Jujutsu_Kaisen_1-1536x2048.jpeg 1536w, https:\/\/hirder.be\/wp-content\/uploads\/2022\/09\/Jujutsu_Kaisen_1-scaled.jpeg 1920w\" sizes=\"auto, (max-width: 246px) 100vw, 246px\" \/><figcaption>La couverture de Jujutsu Kaisen T1<\/figcaption><\/figure>\n<\/div>\n\n\n<p>Jujutsu Kaisen est consid\u00e9r\u00e9 par certains weeb comme le membre d\u2019une nouvelle trinit\u00e9 \u00e0 la hauteur du Big Three, avec My Hero Academia et D\u00e9mon Slayer. En plus d\u2019\u00eatre compl\u00e8tement faux, c\u2019est \u00e0 peine si cette affirmation est juste.&nbsp;<\/p>\n\n\n\n<p>Parce que oui, ce premier tome de Jujutsu Kaisen, bah il est pas ouf. Les persos sont un peu rapidement exp\u00e9di\u00e9, il n\u2019y a pas de background qui expliquerai pourquoi ils sont comme ils sont, ni de vraie introduction \u00e0 la magie et aux cr\u00e9atures qui peuplent ce monde.&nbsp;<\/p>\n\n\n\n<p>Et je ne parle ici que du sc\u00e9nario parce que le dessin m\u00e9rite aussi que je me penche dessus par apr\u00e8s. Donc continuons un peu \u00e0 tailler un costume au sc\u00e9nario. Donc comme je le disais on a aucun vrai background. Et toute les d\u00e9cisions que prennent les protagonistes, surtout le personnage principal Yuji, qui parce qu\u2019il a aval\u00e9 un doigt de fl\u00e9au (le nom des cr\u00e9atures de cette \u0153uvre), voit sa vie changer radicalement en abandonnant tout derri\u00e8re lui. \u00c7a, passe encore, mais t\u2019as l\u2019impression qu\u2019il le fait sans aucun remords.&nbsp;<\/p>\n\n\n\n<p>Parlons des dessins \u00e0 pr\u00e9sent. M\u00eame si ils n\u2019ont pas le niveau d\u2019un One Piece, voire m\u00eame d\u2019un 20th Century Boys, ils ne sont pas mauvais pour autant. Je n\u2019appr\u00e9cie simplement pas le fait que \u00e7a fasse brouillon. Les traits ne sont pas toujours net et \u00e7a je n\u2019aime pas trop. Il s\u2019agit bien s\u00fbr d\u2019un go\u00fbt personnel et je vais pas trop m\u2019attarder sur ce sujet. Le dessin peut \u00eatre moins bon mais l\u2019histoire compensera. Enfin je l\u2019esp\u00e8re.&nbsp;<\/p>\n\n\n\n<p>Points positifs :<\/p>\n\n\n\n<ul class=\"wp-block-list\"><li>Le design des fl\u00e9aux<\/li><\/ul>\n\n\n\n<p>Points n\u00e9gatifs :&nbsp;<\/p>\n\n\n\n<ul class=\"wp-block-list\"><li>Manque de pr\u00e9sentation des protagonistes<\/li><li>Le sc\u00e9nario un peu bancal<\/li><li>Les dessins en g\u00e9n\u00e9ral&nbsp;<\/li><\/ul>\n\n\n\n<p>5\/10<\/p>\n\n\n\n<h3 class=\"wp-block-heading\">17\/07\/22 &#8211; Tokyo Revengers &#8211; T1 de Ken Wakui &#8211; Gl\u00e9nat &#8211; <a href=\"https:\/\/www.amazon.fr\/Tokyo-Revengers-01-Ken-Wakui\/dp\/234403529X\/ref=sr_1_1?__mk_fr_FR=\u00c5M\u00c5\u017d\u00d5\u00d1&amp;crid=2NN2L0Z9FXCMR&amp;keywords=Tokyo+Revengers+1&amp;qid=1663584359&amp;s=books&amp;sprefix=tokyo+revengers+1%2Cstripbooks%2C100&amp;sr=1-1\">Acheter<\/a> &#8211; Tiktok&nbsp;<\/h3>\n\n\n<div class=\"wp-block-image\">\n<figure class=\"alignright size-large is-resized\"><img loading=\"lazy\" decoding=\"async\" src=\"https:\/\/hirder.be\/wp-content\/uploads\/2022\/09\/Tokyo_Revenger_1-768x1024.jpeg\" alt=\"\" class=\"wp-image-409\" width=\"289\" height=\"385\" srcset=\"https:\/\/hirder.be\/wp-content\/uploads\/2022\/09\/Tokyo_Revenger_1-768x1024.jpeg 768w, https:\/\/hirder.be\/wp-content\/uploads\/2022\/09\/Tokyo_Revenger_1-225x300.jpeg 225w, https:\/\/hirder.be\/wp-content\/uploads\/2022\/09\/Tokyo_Revenger_1-1152x1536.jpeg 1152w, https:\/\/hirder.be\/wp-content\/uploads\/2022\/09\/Tokyo_Revenger_1-1536x2048.jpeg 1536w, https:\/\/hirder.be\/wp-content\/uploads\/2022\/09\/Tokyo_Revenger_1-scaled.jpeg 1920w\" sizes=\"auto, (max-width: 289px) 100vw, 289px\" \/><figcaption>La couv&rsquo; du T1 de Tokyo Revenger (et toujours mon pied en arri\u00e8re plan)<\/figcaption><\/figure>\n<\/div>\n\n\n<p>Ici c\u2019est carr\u00e9ment l\u2019inverse de ce que j\u2019ai \u00e9cris pour Jujutsu Kaisen. J\u2019ai ador\u00e9 ce premier tome. Il est bon, rafra\u00eechissant dans son traitement du voyage dans le temps et m\u00eame si \u00e7a ne dure que quelques chapitres pour l\u2019instant, on se prend d\u00e9j\u00e0 d\u2019affection pour les h\u00e9ros et les antagonistes.&nbsp;<\/p>\n\n\n\n<p>Mais comment expliqu\u00e9 une telle diff\u00e9rence entre deux \u0153uvres ? Je fais la comparaison parce que je les ai lues coup sur coup et que m\u00eame si le style n\u2019est pas le m\u00eame, et bien la comparaison me semble juste. Il s\u2019agit pour les deux \u0153uvres du premier tome.&nbsp;<\/p>\n\n\n\n<p>Dans Tokyo Revengers, on nous pr\u00e9sente Takemichi Hanagaki, un jeune homme de 26 ans \u00e0 la vie morose qui apprend la mort de son ex-petite amie, Hinata Tachibana a cause d\u2019un gang, le Tokyo Manjikai. Alors qu\u2019il revient du taff, il se fait pousser par quelqu\u2019un sur les voies du m\u00e9tro et fait un bond de 12 ans en arri\u00e8re, pile dans l\u2019ann\u00e9e o\u00f9 il sortait encore avec Hinata. Connaissant le funeste destin qui attend la jeune femme il d\u00e9cide de tout faire pour la sauver.&nbsp;<\/p>\n\n\n\n<p>Et autant vous dire que m\u00eame si \u00e7a ressemble \u00e0 un manga de time travel classique c\u2019est loin d\u2019\u00eatre le cas. Dans un premier temps, Takemichi n\u2019a aucun vrai pouvoir, \u00e0 part celui de se projeter dans le temps de 12 ans exactement. Ce qui fait de lui monsieur tout le monde et qui fait qu\u2019on s\u2019identifie facilement \u00e0 lui. Qui n\u2019aurait pas aim\u00e9 revenir 12 ans dans le pass\u00e9 pour tenter quelque chose par rapport \u00e0 des choses que l\u2019on regrette ? Le manga prend le partit de nous introduire des personnages des les premiers chapitres qui seront important pour la suite.&nbsp;<\/p>\n\n\n\n<p>Et niveau dessin, c\u2019est vachement propre. Les traits sont nettes, les mouvements et les combats sont loin d\u2019\u00eatre superflus et \u00e7a rend extr\u00eamement bien dans l\u2019ensemble. Tellement bien que j\u2019ai h\u00e2te de lire la suite.&nbsp;<\/p>\n\n\n\n<p>Points positifs :&nbsp;<\/p>\n\n\n\n<ul class=\"wp-block-list\"><li>Le dessin<\/li><li>Les designs des personnages<\/li><li>La bonne utilisation du voyage dans le temps&nbsp;<\/li><\/ul>\n\n\n\n<p>Points n\u00e9gatifs :&nbsp;<\/p>\n\n\n\n<ul class=\"wp-block-list\"><li>Des possibles incoh\u00e9rences sur la suite ? (Fallait bien que je trouve un d\u00e9faut non ?)<\/li><\/ul>\n\n\n\n<p>8\/10<\/p>\n\n\n\n<h3 class=\"wp-block-heading\">17\/07\/22 &#8211; 20th Century Boys &#8211; V1 de Naoki Urasawa &#8211; Panini Manga &#8211; <a href=\"https:\/\/www.amazon.fr\/20th-Century-Boys-Perfect-T01\/dp\/280948757X\/ref=sr_1_1?__mk_fr_FR=\u00c5M\u00c5\u017d\u00d5\u00d1&amp;crid=3N1R10ZSGLPL4&amp;keywords=20th+century+boys+volume+1&amp;qid=1663584458&amp;s=books&amp;sprefix=20th+century+boys+volume+1%2Cstripbooks%2C86&amp;sr=1-1\">Acheter<\/a> &#8211; Tiktok&nbsp;<\/h3>\n\n\n<div class=\"wp-block-image\">\n<figure class=\"alignleft size-large is-resized\"><img loading=\"lazy\" decoding=\"async\" src=\"https:\/\/hirder.be\/wp-content\/uploads\/2022\/09\/20th_Century_Boy_1-1-768x1024.jpeg\" alt=\"\" class=\"wp-image-411\" width=\"263\" height=\"350\" srcset=\"https:\/\/hirder.be\/wp-content\/uploads\/2022\/09\/20th_Century_Boy_1-1-768x1024.jpeg 768w, https:\/\/hirder.be\/wp-content\/uploads\/2022\/09\/20th_Century_Boy_1-1-225x300.jpeg 225w, https:\/\/hirder.be\/wp-content\/uploads\/2022\/09\/20th_Century_Boy_1-1-1152x1536.jpeg 1152w, https:\/\/hirder.be\/wp-content\/uploads\/2022\/09\/20th_Century_Boy_1-1-1536x2048.jpeg 1536w, https:\/\/hirder.be\/wp-content\/uploads\/2022\/09\/20th_Century_Boy_1-1-scaled.jpeg 1920w\" sizes=\"auto, (max-width: 263px) 100vw, 263px\" \/><figcaption>La couv&rsquo; de l&rsquo;\u00e9dition Perfect de 20th Century Boys<\/figcaption><\/figure>\n<\/div>\n\n\n<p>20th Century Boys est une \u0153uvre de Naoki Urasawa. Rien que \u00e7a, si vous vous y connaissez un peu en manga devrait vous avoir convaincu de lire et d\u2019acheter cette \u0153uvre. Jusqu\u2019\u00e0 r\u00e9cemment je ne connaissais que de nom ce manga, mais je me suis lanc\u00e9 dans la lecture de ce premier tome de l\u2019\u00e9dition Deluxe en sachant que j\u2019allais \u00eatre retourn\u00e9.&nbsp;<\/p>\n\n\n\n<p>Parce qu\u2019il s\u2019agit surtout d\u2019un manga de l\u2019auteur de Monster parue juste avant cette \u0153uvre. Et que Monster, m\u00eame si je ne l\u2019ai pas encore finit, s\u2019av\u00e8re \u00eatre un redoutable thriller psychologique. En sera-t-il de m\u00eame avec 20th Century Boys ?&nbsp;<\/p>\n\n\n\n<p>Et bien la r\u00e9ponse est oui\u2026 et non. Les passages r\u00e9guliers entre les ann\u00e9es 60 et 2000 font qu\u2019on a parfois un peu du mal \u00e0 situ\u00e9 qui est qui, malgr\u00e9 le fait que tous les personnages ressemblent \u00e0 leurs versions enfants. De ce fait \u00e7a simplifie les allers retour dans le pass\u00e9 pour mieux comprendre les motivations de Ami, le m\u00e9chant de cette \u0153uvre. C\u2019est surtout les derni\u00e8res pages de ce premier tomes qui sont percutantes. Elles r\u00e9v\u00e8lent des informations capitales sur la suite puisque Kenji conna\u00eet Ami et sait quels seront ses prochains mouvements. Parviendra-t-il a l\u2019arr\u00eater ?&nbsp;<\/p>\n\n\n\n<p>Si on se concentre un peu sur le sc\u00e9nario dans un premier temps je dois admettre que j\u2019aime le style de Naoki Urasawa. Ses dessins sont clairs, fins, raffin\u00e9s et surtout diff\u00e9rents. M\u00eame si on reconna\u00eet pas mal son style si on a d\u00e9j\u00e0 lu Monster, les designs des personnages est assez diff\u00e9rents que pour \u00eatre cr\u00e9dibles. Et puis surtout ils sont ressemblant \u00e0 ce que l\u2019on voit dans le peuple japonais.&nbsp;<\/p>\n\n\n\n<p>Points positifs :&nbsp;<\/p>\n\n\n\n<ul class=\"wp-block-list\"><li>Naoki Urasawa a la baguette&nbsp;<\/li><li>Le sc\u00e9nario qui nous prend directement aux tripes&nbsp;<\/li><li>Le myst\u00e8re entourant Ami&nbsp;<\/li><\/ul>\n\n\n\n<p>Points n\u00e9gatifs :&nbsp;<\/p>\n\n\n\n<ul class=\"wp-block-list\"><li>Justement le myst\u00e8re entourant Ami alors qu\u2019on sait qu\u2019il fait partie de la bande de Kenji,&nbsp;<\/li><li>Les allers-retours dans le pass\u00e9 pour nous expliquer et nous pr\u00e9senter les personnages.&nbsp;<\/li><\/ul>\n\n\n\n<p>9\/10<\/p>\n\n\n\n<h3 class=\"wp-block-heading\">18\/07\/22 &#8211; One Piece &#8211; T71 de Eiichiro Oda &#8211; Gl\u00e9nat &#8211; <a href=\"https:\/\/www.amazon.fr\/One-piece-originale-ODA-Eiichir\u00f4\/dp\/2723499340\/ref=sr_1_1?__mk_fr_FR=\u00c5M\u00c5\u017d\u00d5\u00d1&amp;crid=29C3N1S4VKN9T&amp;keywords=one+piece+71&amp;qid=1663584695&amp;s=books&amp;sprefix=one+piece+7%2Cstripbooks%2C124&amp;sr=1-1\">Acheter<\/a> &#8211; Tiktok&nbsp;<\/h3>\n\n\n<div class=\"wp-block-image\">\n<figure class=\"alignright size-large is-resized\"><img loading=\"lazy\" decoding=\"async\" src=\"https:\/\/hirder.be\/wp-content\/uploads\/2022\/09\/OnePiece71-768x1024.jpeg\" alt=\"\" class=\"wp-image-412\" width=\"267\" height=\"356\" srcset=\"https:\/\/hirder.be\/wp-content\/uploads\/2022\/09\/OnePiece71-768x1024.jpeg 768w, https:\/\/hirder.be\/wp-content\/uploads\/2022\/09\/OnePiece71-225x300.jpeg 225w, https:\/\/hirder.be\/wp-content\/uploads\/2022\/09\/OnePiece71-1152x1536.jpeg 1152w, https:\/\/hirder.be\/wp-content\/uploads\/2022\/09\/OnePiece71-1536x2048.jpeg 1536w, https:\/\/hirder.be\/wp-content\/uploads\/2022\/09\/OnePiece71-scaled.jpeg 1920w\" sizes=\"auto, (max-width: 267px) 100vw, 267px\" \/><\/figure>\n<\/div>\n\n\n<p><a href=\"https:\/\/www.youtube.com\/watch?v=IEuY3tGoa5I\">\u00ab&nbsp;Ce qu\u2019il y a de bien avec Mickey c\u2019est qu\u2019il restera toujours Mickey.&nbsp;\u00bb. Orelsan &#8211; Manifeste (2021).<\/a>&nbsp;<\/p>\n\n\n\n<p>Pourquoi j\u2019ai choisit de commencer cette critique par une citation d\u2019Orelsan ? Parce qu\u2019elle s\u2019applique \u00e0 mort \u00e0 One Piece. Peut importe combien de temps vous passez sans lire One Piece, \u00e0 la fin vous trouvez un univers que vous avez l\u2019impression de conna\u00eetre par c\u0153ur, dont vous avez l\u2019impression de faire partie. C\u2019est totalement mon cas. Je n\u2019avais pas lu un tome de One Piece depuis d\u00e9but Mai (<a href=\"https:\/\/hirder.be\/liste-de-lecture-mai-2022\/\">voir ma chronique de l\u2019\u00e9poque<\/a>).&nbsp;<\/p>\n\n\n\n<p>Mais en lisant celui-ci, m\u00eame si j\u2019\u00e9tais un peu perdu, j\u2019ai tr\u00e8s vite retrouv\u00e9 mes r\u00e9flexes, mes manies et cet univers que j\u2019aime tant. Je l\u2019aime au point d\u2019envisager un tatouage. Je ne sais pas si \u00e7a vous parle. Ha oui, et j\u2019ai aussi une coque de t\u00e9l\u00e9phone One Piece.&nbsp;<\/p>\n\n\n\n<p>Mais bref, on est pas l\u00e0 pour parler de mon ressentit. Ha bah si en fait ! Du coup, on commence l\u2019arc de Dressrosa avec ce tome. Et je ne sais pas ce que \u00e7a va donner parce que m\u00eame si j\u2019en connais d\u00e9j\u00e0 la fin (merci <a href=\"http:\/\/twitter.com\/TheHirder\">Twitter<\/a>), je me demande comment on va y arriver. Donc on entame cette nouvelle aventure avec l\u2019\u00e9tablissement de trois groupes. Le premier est charg\u00e9 de transporter Cesar Clown \u00e0 Doflamingo, l\u2019autre est charg\u00e9 de d\u00e9truire l\u2019usine qui fabrique les fruits du d\u00e9mon et la derni\u00e8re doit se charger de la protection du Sunny. Autant dire qu\u2019avec autant de dispersion les choses vont tr\u00e8s vite partir en vrille.&nbsp;<\/p>\n\n\n\n<p>Et \u00e7a ne tarde pas puisque pas moins d\u2019un chapitre plus tard, Luffy se retrouve dans une ar\u00e8ne (volontairement), Zoro chasse une f\u00e9e, Sanji suit une boh\u00e9mienne, tandis que Franky part d\u00e9truire l\u2019usine. Du c\u00f4t\u00e9 de Robin, elle se fait capturer par les f\u00e9es, tout comme Usopp, pendant que Law et Kinemon gardent Cesar. Et du c\u00f4t\u00e9 du Sunny c\u2019est un peu la mis\u00e8re.&nbsp;<\/p>\n\n\n\n<p>Bref un tome qui pose les bases avec des dessins tout aussi soign\u00e9s. Et que dire des environnements ? Je ne sais pas si c\u2019est Oda qui les faits mais \u00e0 chaque fois je suis \u00e9merveill\u00e9 par la grandeur des environnements.&nbsp;<\/p>\n\n\n\n<p>Points positifs :&nbsp;<\/p>\n\n\n\n<ul class=\"wp-block-list\"><li>Un nouvel arc<\/li><li>La dispersion du groupe en trois<\/li><li>Les environnements sont de nouveau magnifiques&nbsp;<\/li><\/ul>\n\n\n\n<p>Points n\u00e9gatifs :&nbsp;<\/p>\n\n\n\n<ul class=\"wp-block-list\"><li>C\u2019est un Sh\u00f4nen. Donc on sait que Luffy va gagner.<\/li><\/ul>\n\n\n\n<p>8\/10<\/p>\n\n\n\n<h3 class=\"wp-block-heading\">18\/07\/22 &#8211; Frieren &#8211; T1 de Kanehito Yamada &amp; Tsukasa Abe &#8211; Ki-Oon &#8211; <a href=\"https:\/\/www.amazon.fr\/Frieren-T01-Kanehito-Yamada\/dp\/B09NCNYG4J\/ref=sr_1_1?__mk_fr_FR=\u00c5M\u00c5\u017d\u00d5\u00d1&amp;crid=3JI4PW4II5KW9&amp;keywords=frieren+1&amp;qid=1663584929&amp;s=books&amp;sprefix=frieren+1%2Cstripbooks%2C108&amp;sr=1-1\">Acheter<\/a> &#8211; Tiktok<\/h3>\n\n\n<div class=\"wp-block-image\">\n<figure class=\"alignleft size-large is-resized\"><img loading=\"lazy\" decoding=\"async\" src=\"https:\/\/hirder.be\/wp-content\/uploads\/2022\/09\/Frieren_1-768x1024.jpeg\" alt=\"\" class=\"wp-image-413\" width=\"251\" height=\"335\" srcset=\"https:\/\/hirder.be\/wp-content\/uploads\/2022\/09\/Frieren_1-768x1024.jpeg 768w, https:\/\/hirder.be\/wp-content\/uploads\/2022\/09\/Frieren_1-225x300.jpeg 225w, https:\/\/hirder.be\/wp-content\/uploads\/2022\/09\/Frieren_1-1152x1536.jpeg 1152w, https:\/\/hirder.be\/wp-content\/uploads\/2022\/09\/Frieren_1-1536x2048.jpeg 1536w, https:\/\/hirder.be\/wp-content\/uploads\/2022\/09\/Frieren_1-scaled.jpeg 1920w\" sizes=\"auto, (max-width: 251px) 100vw, 251px\" \/><figcaption>La couverture de Frieren T1<\/figcaption><\/figure>\n<\/div>\n\n\n<p>Petite d\u00e9couverte du jour avec ce premier tome d\u2019une aventure qui sera plus longue que Alma par exemple.&nbsp;<\/p>\n\n\n\n<p>On d\u00e9bute l\u2019aventure en suivant un groupe d\u2019aventurier au nombre de quatre comprenant Frieren une mage Elfe (et donc immortel c\u2019est important de pr\u00e9ciser), Himmel un humain, Eisen un nain et Heiter un pr\u00eatre humain. Apr\u00e8s une aventure de dix ans couronn\u00e9 par la mort du roi des d\u00e9mons, ils se s\u00e9parent mais se promettent de se retrouver cinquante ans plus tard. Frieren tiens parole et les retrouvent tous les trois, un demi-si\u00e8cle plus tard. Sauf que le temps a fait son \u0153uvre sur eux, mais pas sur elle. Elle va chercher \u00e0 comprendre la valeur d\u2019une amiti\u00e9 apr\u00e8s la mort de Himmel.&nbsp;<\/p>\n\n\n\n<p>Les bases sont pos\u00e9s. Je vais clairement suivre cette \u0153uvre attentivement. Parce que le sc\u00e9nario est bon et on ne se retrouve pas dans un \u00e9ni\u00e8me monde en proie au mal, mais parce que Kanehito Yamada prend le contre pieds et nous proposent ici le point de vue d\u2019une elfe \u00e0 la long\u00e9vit\u00e9 exceptionnelle. On comprend mieux que les elfes peuvent parfois para\u00eetre si d\u00e9tach\u00e9 de la r\u00e9alit\u00e9. Une d\u00e9cennie passe comme une seconde pour nous. Et c\u2019est \u00e7a qui est g\u00e9nial.&nbsp;<\/p>\n\n\n\n<p>Les dessins sont plut\u00f4t simple. Les environnements sont quelconques malheureusement ce qui fait qu\u2019on arrive pas vraiment \u00e0 s\u2019attacher \u00e0 l\u2019univers. Je dis \u00e7a bien s\u00fbr apr\u00e8s un seul tome parce que je sais d\u00e9j\u00e0 que \u00e7a ne sera pas la base du manga. C\u2019est un d\u00e9tail mais \u00e7a me chiffonne. Il s\u2019agit aussi d\u2019une \u0153uvre qui veut se laisser le temps. Le temps de d\u2019explorer, le temps de se d\u00e9couvrir et surtout le temps d\u2019approfondir les relations.&nbsp;<\/p>\n\n\n\n<p>Points positifs :&nbsp;<\/p>\n\n\n\n<ul class=\"wp-block-list\"><li>Le sc\u00e9nario<\/li><li>Les personnages avec Frieren en t\u00eate&nbsp;<\/li><\/ul>\n\n\n\n<p>Points n\u00e9gatifs :&nbsp;<\/p>\n\n\n\n<ul class=\"wp-block-list\"><li>Les environnements&nbsp;<\/li><li>Le manque de background pr\u00e9cis sur l\u2019univers.&nbsp;<\/li><\/ul>\n\n\n\n<p>8\/10<\/p>\n\n\n\n<h3 class=\"wp-block-heading\">22\/07\/22 &#8211; Full Metal Alchemist &#8211; Edition Double &#8211; T11 de Hiromu Arakawa &#8211; Kurokawa &#8211; <a href=\"https:\/\/www.amazon.fr\/Fullmetal-Alchemist-XI-tomes-22-23\/dp\/2351429907\/ref=sr_1_3?__mk_fr_FR=\u00c5M\u00c5\u017d\u00d5\u00d1&amp;keywords=FMA+11&amp;qid=1663585278&amp;s=books&amp;sr=1-3\">Acheter<\/a> &#8211; Tiktok&nbsp;<\/h3>\n\n\n<div class=\"wp-block-image\">\n<figure class=\"alignright size-large is-resized\"><img loading=\"lazy\" decoding=\"async\" src=\"https:\/\/hirder.be\/wp-content\/uploads\/2022\/09\/FMA_11-768x1024.jpeg\" alt=\"\" class=\"wp-image-414\" width=\"221\" height=\"295\" srcset=\"https:\/\/hirder.be\/wp-content\/uploads\/2022\/09\/FMA_11-768x1024.jpeg 768w, https:\/\/hirder.be\/wp-content\/uploads\/2022\/09\/FMA_11-225x300.jpeg 225w, https:\/\/hirder.be\/wp-content\/uploads\/2022\/09\/FMA_11-1152x1536.jpeg 1152w, https:\/\/hirder.be\/wp-content\/uploads\/2022\/09\/FMA_11-1536x2048.jpeg 1536w, https:\/\/hirder.be\/wp-content\/uploads\/2022\/09\/FMA_11-scaled.jpeg 1920w\" sizes=\"auto, (max-width: 221px) 100vw, 221px\" \/><figcaption>La couverture de l&rsquo;\u00e9dition double de FMA (tome 11)<\/figcaption><\/figure>\n<\/div>\n\n\n<p>J\u2019ai une histoire d\u2019amour un peu particuli\u00e8re avec ce manga. Je l\u2019ai d\u00e9couvert suite \u00e0 un \u00e9pisode de l\u2019anime (pas Brotherhood), ou il se passe le truc le plus horrible de la s\u00e9rie. Mais si vous savez, c\u2019est une histoire de chien\u2026&nbsp;<\/p>\n\n\n\n<p>Bref, tout \u00e7a pour dire que j\u2019ai grave accroch\u00e9 au plot et que j\u2019ai d\u00e9cid\u00e9 de me les prendre. J\u2019ai toujours eu que quelques tomes jusqu\u2019\u00e0 ce que r\u00e9cemment je me prenne toute la s\u00e9rie pour enfin la finir.&nbsp;<\/p>\n\n\n\n<p>On est donc ici en plein milieu du plan de P\u00e8re, qui veut sacrifier cinq alchimistes sans que l\u2019on sache pourquoi. De leurs c\u00f4t\u00e9s, les forces arm\u00e9es de Briggs prennent d\u2019assaut Central pour tenter de renverser le gouvernement corrompu par les homonculus.&nbsp;<\/p>\n\n\n\n<p>Mais avant \u00e7a il faut qu\u2019Ed et Al, se sortent d\u2019une situation p\u00e9rilleuse face \u00e0 Pride, qui est largement plus fort qu\u2019eux. Heureusement, leur p\u00e8re, Hoheneim, reste \u00e0 leurs c\u00f4t\u00e9s pour vaincre.&nbsp;<\/p>\n\n\n\n<p>Je dois dire que c\u2019est un tr\u00e8s bon tome. On sent l\u2019urgence de la situation et surtout on sent que l\u2019autrice (parce que oui, c\u2019est une autrice), sait o\u00f9 elle veut aller avec son histoire.&nbsp;<\/p>\n\n\n\n<p>Point positifs :&nbsp;<\/p>\n\n\n\n<ul class=\"wp-block-list\"><li>Les dessins sont clairs&nbsp;<\/li><li>Le sc\u00e9nario est ouf&nbsp;<\/li><li>Le personnage de Pride<\/li><\/ul>\n\n\n\n<p>Points n\u00e9gatifs :&nbsp;<\/p>\n\n\n\n<ul class=\"wp-block-list\"><li>On a parfois du mal \u00e0 comprendre ce qu\u2019il se passe surtout lorsque la lecture de deux tomes est assez espac\u00e9s. (Manque de r\u00e9sum\u00e9 en gros)<\/li><\/ul>\n\n\n\n<p>7\/10<\/p>\n\n\n\n<h3 class=\"wp-block-heading\">25\/07\/22 &#8211; Full Metal Alchemist &#8211; Edition Double &#8211; T12 de Hiromu Arakawa &#8211; Kurokawa &#8211;<a href=\"https:\/\/www.amazon.fr\/Fullmetal-Alchemist-XII-tomes-24-25\/dp\/2368521283\/ref=pd_bxgy_sccl_1\/257-3850448-2058306?pd_rd_w=2canG&amp;content-id=amzn1.sym.3e903e31-26aa-46b7-bc9c-c2062226ae30&amp;pf_rd_p=3e903e31-26aa-46b7-bc9c-c2062226ae30&amp;pf_rd_r=JMGYKZSCWCB6JZTRS5E0&amp;pd_rd_wg=uXEZ4&amp;pd_rd_r=f06db62b-8f42-474b-94a7-b7a27570f61b&amp;pd_rd_i=2368521283&amp;psc=1\"> Acheter<\/a> &#8211; Tiktok&nbsp;<\/h3>\n\n\n<div class=\"wp-block-image\">\n<figure class=\"alignleft size-large is-resized\"><img loading=\"lazy\" decoding=\"async\" src=\"https:\/\/hirder.be\/wp-content\/uploads\/2022\/09\/FMA_12-1-768x1024.jpeg\" alt=\"\" class=\"wp-image-416\" width=\"258\" height=\"344\" srcset=\"https:\/\/hirder.be\/wp-content\/uploads\/2022\/09\/FMA_12-1-768x1024.jpeg 768w, https:\/\/hirder.be\/wp-content\/uploads\/2022\/09\/FMA_12-1-225x300.jpeg 225w, https:\/\/hirder.be\/wp-content\/uploads\/2022\/09\/FMA_12-1-1152x1536.jpeg 1152w, https:\/\/hirder.be\/wp-content\/uploads\/2022\/09\/FMA_12-1-1536x2048.jpeg 1536w, https:\/\/hirder.be\/wp-content\/uploads\/2022\/09\/FMA_12-1-scaled.jpeg 1920w\" sizes=\"auto, (max-width: 258px) 100vw, 258px\" \/><figcaption>La magnifique couverture du Tome 12 de l&rsquo;\u00e9dition double de FMA. <\/figcaption><\/figure>\n<\/div>\n\n\n<p>On entre dans le vif du sujet. Il s\u2019agit de l\u2019avant-dernier tome (et des deux derniers si on prend l\u2019\u00e9dition simple en compte). Apr\u00e8s avoir pi\u00e9g\u00e9 Pride pendant de longues minutes, ce dernier est parvenu \u00e0 se lib\u00e9rer \u00e0 l\u2019aide d\u2019un des commandants de l\u2019arm\u00e9e \u00e0 son service.&nbsp;<\/p>\n\n\n\n<p>Pendant ce temps, \u00e0 Central, les troupes de Briggs prennent le contr\u00f4le et Olivia Armstrong devient officiellement commandante du lieu. C\u2019\u00e9tait cependant trop beau pour durer puisque King Bradley, qu\u2019on croyait mort dans un accident de train refait surface pour tout d\u00e9foncer (litt\u00e9ralement).&nbsp;<\/p>\n\n\n\n<p>S\u2019en suit un combat contre Greed, qui l\u2019amocha plut\u00f4t salement, avant de laisser tomber sa proie. Ed et Al, de leurs c\u00f4t\u00e9s parviennent dans les entrailles de Central pour emp\u00eacher P\u00e8re de vaincre. Hoheneim les devance, mais est impuissant.&nbsp;<\/p>\n\n\n\n<p>Il s\u2019agit ici d\u2019un tome un peu moins bons. Tout est mis en place cependant pour que le final soit spectaculaire. Les personnages sont l\u00e0 o\u00f9 ils doivent \u00eatre et \u00e7a fait du bien de revoir certains autres \u00e0 qui on s\u2019\u00e9tait attach\u00e9s. Cependant, ce que je regrette parfois c\u2019est que c\u2019est un peu brouillon dans les combats et que ce n\u2019est pas \u00e9vident de tout comprendre.&nbsp;<\/p>\n\n\n\n<p>Points positifs :&nbsp;<\/p>\n\n\n\n<ul class=\"wp-block-list\"><li>Les dessins et leurs traits fin et justes<\/li><li>Le design des cr\u00e9atures&nbsp;<\/li><li>Le sc\u00e9nario<\/li><\/ul>\n\n\n\n<p>Points N\u00e9gatifs :&nbsp;<\/p>\n\n\n\n<ul class=\"wp-block-list\"><li>Les combats qui sont un peu brouillon. On a du mal \u00e0 se situer dans l\u2019action.&nbsp;<\/li><\/ul>\n\n\n\n<p>8\/10<\/p>\n\n\n\n<h3 class=\"wp-block-heading\">25\/07\/22 &#8211; Full Metal Alchemist &#8211; Edition Double &#8211; T13 (dernier tome) de Hiromu Arakawa &#8211; Kurokawa &#8211; <a href=\"https:\/\/www.amazon.fr\/Fullmetal-Alchemist-XIII-tomes-26-27\/dp\/2368521291\/ref=pd_bxgy_sccl_1\/257-3850448-2058306?pd_rd_w=zawvc&amp;content-id=amzn1.sym.3e903e31-26aa-46b7-bc9c-c2062226ae30&amp;pf_rd_p=3e903e31-26aa-46b7-bc9c-c2062226ae30&amp;pf_rd_r=GMCY3TDDH7DCBNSX80P1&amp;pd_rd_wg=mzeZ2&amp;pd_rd_r=93df9ee0-f0a5-4baf-b72a-12d05720f8d2&amp;pd_rd_i=2368521291&amp;psc=1\">Acheter<\/a> &#8211; Tiktok<\/h3>\n\n\n<div class=\"wp-block-image\">\n<figure class=\"alignright size-large is-resized\"><img loading=\"lazy\" decoding=\"async\" src=\"https:\/\/hirder.be\/wp-content\/uploads\/2022\/09\/FMA_13-768x1024.jpeg\" alt=\"\" class=\"wp-image-417\" width=\"250\" height=\"334\" srcset=\"https:\/\/hirder.be\/wp-content\/uploads\/2022\/09\/FMA_13-768x1024.jpeg 768w, https:\/\/hirder.be\/wp-content\/uploads\/2022\/09\/FMA_13-225x300.jpeg 225w, https:\/\/hirder.be\/wp-content\/uploads\/2022\/09\/FMA_13-1152x1536.jpeg 1152w, https:\/\/hirder.be\/wp-content\/uploads\/2022\/09\/FMA_13-1536x2048.jpeg 1536w, https:\/\/hirder.be\/wp-content\/uploads\/2022\/09\/FMA_13-scaled.jpeg 1920w\" sizes=\"auto, (max-width: 250px) 100vw, 250px\" \/><figcaption>La couverture du dernier double tome de FMA<\/figcaption><\/figure>\n<\/div>\n\n\n<p>C\u2019est toujours une sensation bizarre lorsqu\u2019on termine une \u0153uvre. Surtout une de ce genre. Full Metal Alchemist ce n\u2019est pas juste un Sh\u00f4nen classique comme les autres, puisque m\u00eame si il reprend certains codes du genre, il s\u2019en affranchis pour offrir cette \u0153uvre sans pareil. Il s\u2019agit m\u00eame plus d\u2019une histoire sur la famille, sur le pouvoir sur l\u2019amiti\u00e9 et surtout sur le courage d\u2019affronter des d\u00e9mons, que l\u2019on a parfois cr\u00e9er.&nbsp;<\/p>\n\n\n\n<p>On d\u00e9marre ce tome l\u00e0 o\u00f9 le pr\u00e9c\u00e9dent nous avait laiss\u00e9. P\u00e8re a r\u00e9ussit \u00e0 devenir ce qu\u2019il voulait. Dieu en quelque sorte. Mais \u00e7a n\u2019emp\u00eache pas Ed et les autres de se battre pour qu\u2019il soit \u00e9radiquer.&nbsp;<\/p>\n\n\n\n<p>Pour devenir tel qu\u2019il est, il a fallut qu\u2019il tue tous les habitants d\u2019Amestris, Winry et compagnie compris. \u00c7a fait mal au c\u0153ur de la voir par terre, sans vie. Et pourtant, malgr\u00e9 la puissance ph\u00e9nom\u00e9nale qu\u2019il d\u00e9ploie, personne ne l\u00e2che prise. Jusqu\u2019\u00e0 vaincre.&nbsp;<\/p>\n\n\n\n<p>J\u2019ai beaucoup aim\u00e9 ce tome. C\u2019est un bon tome de fin puisqu\u2019il conclut vraiment tout les questions que l\u2019on se posait sur l\u2019histoire sans pour autant la b\u00e2cler (et je pense \u00e0 Naruto dans ce cas-ci parce que m\u00eame si Naruto a une bonne fin selon moi, on a pas eu droit \u00e0 de vrais adieu digne de ce nom).&nbsp;<\/p>\n\n\n\n<p>Les personnages sont enfin libres des contraintes qu\u2019ils s\u2019\u00e9taient eux-m\u00eames impos\u00e9s, soit par l\u2019alchimie (Ed, Al et Hoheneim), soit par leur volont\u00e9 de vengeance (Scar et Mustang), soit par inqui\u00e9tude (Winry). Une fin parfaite.&nbsp;<\/p>\n\n\n\n<p>Points positifs :&nbsp;<\/p>\n\n\n\n<ul class=\"wp-block-list\"><li>Les dessins de paysage<\/li><li>Les dessins en g\u00e9n\u00e9ral aussi<\/li><li>Le sc\u00e9nario&nbsp;<\/li><li>La fin ultra propre<\/li><li>Toutes les questions ont eu une r\u00e9ponse.&nbsp;<\/li><\/ul>\n\n\n\n<p>Points n\u00e9gatifs :&nbsp;<\/p>\n\n\n\n<ul class=\"wp-block-list\"><li>Les combats sont toujours brouillons.&nbsp;<\/li><\/ul>\n\n\n\n<p>9\/10<\/p>\n\n\n\n<h3 class=\"wp-block-heading\">26\/07\/22 &#8211; Frieren &#8211; T2 de Kanehito Yamada &amp; Tsukasa Abe &#8211; Ki-Oon &#8211; <a href=\"https:\/\/www.amazon.fr\/Frieren-T02-Kanehito-Yamada\/dp\/B09NCM8ZT1\/ref=sr_1_1?__mk_fr_FR=\u00c5M\u00c5\u017d\u00d5\u00d1&amp;crid=2ZESN1ITQUOOP&amp;keywords=frieren+2&amp;qid=1663585630&amp;s=books&amp;sprefix=f%2Cstripbooks%2C302&amp;sr=1-1\">Acheter<\/a> &#8211; Tiktok&nbsp;<\/h3>\n\n\n<div class=\"wp-block-image\">\n<figure class=\"alignleft size-large is-resized\"><img loading=\"lazy\" decoding=\"async\" src=\"https:\/\/hirder.be\/wp-content\/uploads\/2022\/09\/Frieren_2-768x1024.jpeg\" alt=\"\" class=\"wp-image-418\" width=\"243\" height=\"324\" srcset=\"https:\/\/hirder.be\/wp-content\/uploads\/2022\/09\/Frieren_2-768x1024.jpeg 768w, https:\/\/hirder.be\/wp-content\/uploads\/2022\/09\/Frieren_2-225x300.jpeg 225w, https:\/\/hirder.be\/wp-content\/uploads\/2022\/09\/Frieren_2-1152x1536.jpeg 1152w, https:\/\/hirder.be\/wp-content\/uploads\/2022\/09\/Frieren_2-1536x2048.jpeg 1536w, https:\/\/hirder.be\/wp-content\/uploads\/2022\/09\/Frieren_2-scaled.jpeg 1920w\" sizes=\"auto, (max-width: 243px) 100vw, 243px\" \/><figcaption>La couverture du T2 de Frieren<\/figcaption><\/figure>\n<\/div>\n\n\n<p>Frieren, c\u2019est une \u0153uvre un peu hors du temps. C\u2019est m\u00eame tout le principe du manga, une elfe sur qui le temps n\u2019a pas d\u2019emprise, vit des aventures aux c\u00f4t\u00e9s de plusieurs compagnons. Mais c\u2019est justement parce que le temps n\u2019a pas d\u2019emprise sur elle, qu\u2019elle entreprend un voyage pour discuter avec ses anciens compagnons.&nbsp;<\/p>\n\n\n\n<p>Le cadre est mis, maintenant parlons un peu du manga. Sur la jaquette il est \u00e9crit, je cite, :&nbsp;\u00ab&nbsp;Prim\u00e9 de nombreuses fois au Japon pour la beaut\u00e9 de son trait et la justesse de ses personnages\u2026&nbsp;\u00bb, autant je suis d\u2019accord pour le premier, un peu moins pour le second argument. Je m\u2019explique.&nbsp;<\/p>\n\n\n\n<p>Il est vrai que les traits son superbe. C\u2019est doux, m\u00e9lancolique \u00e0 souhait, et surtout enchanteur. Les dessins manquent cependant d\u2019un peu de justesse quand il s\u2019agit des paysages ou des villes qui semblent \u00eatre tous ce qu\u2019il y a de plus banal dans l\u2019heroic-fantasy moderne.&nbsp;<\/p>\n\n\n\n<p>Par contre, la justesse des personnages ? Le seul personnage dont on se soucie vraiment c\u2019est Frieren. Les autres, on sait qu\u2019ils sont \u00e9ph\u00e9m\u00e8res par rapport \u00e0 elle. Et m\u00eames si ils suivent notre h\u00e9ro\u00efne dans son aventure, si elle venait \u00e0 se prolonger (l\u2019aventure, pas l\u2019h\u00e9ro\u00efne), ils subiraient le m\u00eame sort que les pr\u00e9c\u00e9dents compagnons de Frieren.&nbsp;<\/p>\n\n\n\n<p>Maintenant que j\u2019\u00e9cris ces lignes, je me demande si ce n\u2019est pas justement cela que veut faire passer l\u2019auteur et le dessinateur comme message. \u00c7a sera pertinent, m\u00eame si dire que les personnages font preuve de justesse est exag\u00e9rer. Surtout dans ce tome.&nbsp;<\/p>\n\n\n\n<p>Points positifs :&nbsp;<\/p>\n\n\n\n<ul class=\"wp-block-list\"><li>Le traits<\/li><li>Les designs des personnages<\/li><li>L\u2019histoire de mani\u00e8re g\u00e9n\u00e9ral<\/li><\/ul>\n\n\n\n<p>Points n\u00e9gatifs :&nbsp;<\/p>\n\n\n\n<ul class=\"wp-block-list\"><li>Manque de background du monde dans lequel ils \u00e9voluent&nbsp;<\/li><li>Les dessins des paysages et des environnements sont trop classiques.&nbsp;<\/li><li>La justesse des personnages est fausse.&nbsp;<\/li><\/ul>\n\n\n\n<p>7\/10<\/p>\n\n\n\n<h3 class=\"wp-block-heading\">26\/07\/22 &#8211; Frieren &#8211; T3 de Kanehito Yamada &amp; Tsukasa Abe &#8211; Ki-Oon &#8211; <a href=\"https:\/\/www.amazon.fr\/Frieren-T03-Kanehito-Yamada\/dp\/B09ND1X5QS\/ref=pd_bxgy_sccl_2\/257-3850448-2058306?pd_rd_w=wqP1A&amp;content-id=amzn1.sym.3e903e31-26aa-46b7-bc9c-c2062226ae30&amp;pf_rd_p=3e903e31-26aa-46b7-bc9c-c2062226ae30&amp;pf_rd_r=ADPNZ6RNABF8JB7142S4&amp;pd_rd_wg=RhzuF&amp;pd_rd_r=01927116-52a6-464f-ab92-ea9031949e2f&amp;pd_rd_i=B09ND1X5QS&amp;psc=1\">Acheter<\/a> &#8211; Tiktok&nbsp;<\/h3>\n\n\n<div class=\"wp-block-image\">\n<figure class=\"alignright size-large is-resized\"><img loading=\"lazy\" decoding=\"async\" src=\"https:\/\/hirder.be\/wp-content\/uploads\/2022\/09\/Frieren_3-768x1024.jpeg\" alt=\"\" class=\"wp-image-419\" width=\"251\" height=\"335\" srcset=\"https:\/\/hirder.be\/wp-content\/uploads\/2022\/09\/Frieren_3-768x1024.jpeg 768w, https:\/\/hirder.be\/wp-content\/uploads\/2022\/09\/Frieren_3-225x300.jpeg 225w, https:\/\/hirder.be\/wp-content\/uploads\/2022\/09\/Frieren_3-1152x1536.jpeg 1152w, https:\/\/hirder.be\/wp-content\/uploads\/2022\/09\/Frieren_3-1536x2048.jpeg 1536w, https:\/\/hirder.be\/wp-content\/uploads\/2022\/09\/Frieren_3-scaled.jpeg 1920w\" sizes=\"auto, (max-width: 251px) 100vw, 251px\" \/><figcaption>La couve du T3 de Frieren<\/figcaption><\/figure>\n<\/div>\n\n\n<p>J\u2019ai appr\u00e9ci\u00e9 ce tome. Plus que les deux premiers en tout cas. Le sentiment du temps qui passe est tellement juste, qu\u2019on se rend compte ais\u00e9ment que le temps est parfois trop volatil. Un \u00e9l\u00e9ment qui est l\u00e0 pour 10 ans, ne le sera peut \u00eatre plus dans 20 ans et ainsi de suite.<\/p>\n\n\n\n<p>On continue de suivre les aventures de Frieren, Fern et Stark, qui parcours le pays, en rencontrant des gens, en les aidant et en apprenant au passage une le\u00e7on suppl\u00e9mentaire agr\u00e9mente presque \u00e0 chaque fois d\u2019un flashback.&nbsp;<\/p>\n\n\n\n<p>Ici, ce que ce tome r\u00e9ussit, c\u2019est \u00e0 introduire un syst\u00e8me de puissance simple, mais redoutablement efficace. Il s\u2019agit en fait d\u2019une aura qui est plus ou moins grande en fonction de la puissance de son utilisateur. L\u00e0 o\u00f9 c\u2019est malin c\u2019est que Frieren a appris \u00e0 le camoufler subtilement pour ne laisser transpara\u00eetre qu\u2019une infime partie de sa puissance.&nbsp;<\/p>\n\n\n\n<p>Et autant dire que \u00e7a va lui servir puisque l\u2019un des 7 commandants des d\u00e9mons, la belle Aura, croit tenir Frieren du bout de la main. C\u2019\u00e9tait sans compter sur la malice de notre elfe.&nbsp;<\/p>\n\n\n\n<p>Encore une fois ce qui fait d\u00e9faut \u00e0 cet \u0153uvre ce sont les designs des villes, des lieux ou des environnements qui sont tous plus banals les uns que les autres. Mais si les auteurs font un effort pour int\u00e9grer du background, j\u2019ai l\u2019impression que chaque ville est la m\u00eame. Dommage.&nbsp;<\/p>\n\n\n\n<p>Points positifs :&nbsp;<\/p>\n\n\n\n<ul class=\"wp-block-list\"><li>Un syst\u00e8me de puissance cool<\/li><li>Le passage du temps tr\u00e8s bien fait&nbsp;<\/li><li>Frieren.&nbsp;<\/li><\/ul>\n\n\n\n<p>Points n\u00e9gatifs :&nbsp;<\/p>\n\n\n\n<ul class=\"wp-block-list\"><li>Des charadesigns un peu quelconque<\/li><li>Les environnements toujours lambda.&nbsp;<\/li><\/ul>\n\n\n\n<p>7\/10<\/p>\n\n\n\n<h3 class=\"wp-block-heading\">26\/07\/22 &#8211; Oshi No Ko &#8211; T1 de Aka Akasaka &amp; Mengo Yokoyari &#8211; Kurokawa &#8211; <a href=\"https:\/\/www.amazon.fr\/Oshi-no-ko-T1-1\/dp\/2380712301\/ref=sr_1_1?__mk_fr_FR=\u00c5M\u00c5\u017d\u00d5\u00d1&amp;keywords=oshi+no+ko+1&amp;qid=1663586001&amp;s=books&amp;sr=1-1\">Acheter<\/a> &#8211; Tiktok<\/h3>\n\n\n<div class=\"wp-block-image\">\n<figure class=\"alignleft size-large is-resized\"><img loading=\"lazy\" decoding=\"async\" src=\"https:\/\/hirder.be\/wp-content\/uploads\/2022\/09\/Oshi_no_ko_1-1-768x1024.jpeg\" alt=\"\" class=\"wp-image-422\" width=\"256\" height=\"341\" srcset=\"https:\/\/hirder.be\/wp-content\/uploads\/2022\/09\/Oshi_no_ko_1-1-768x1024.jpeg 768w, https:\/\/hirder.be\/wp-content\/uploads\/2022\/09\/Oshi_no_ko_1-1-225x300.jpeg 225w, https:\/\/hirder.be\/wp-content\/uploads\/2022\/09\/Oshi_no_ko_1-1-1152x1536.jpeg 1152w, https:\/\/hirder.be\/wp-content\/uploads\/2022\/09\/Oshi_no_ko_1-1-1536x2048.jpeg 1536w, https:\/\/hirder.be\/wp-content\/uploads\/2022\/09\/Oshi_no_ko_1-1-scaled.jpeg 1920w\" sizes=\"auto, (max-width: 256px) 100vw, 256px\" \/><figcaption>La couv&rsquo; de Oshi No Ko &#8211; T1<\/figcaption><\/figure>\n<\/div>\n\n\n<p>Comment d\u00e9crire ce manga ? En premier, j\u2019avais lu des critiques un peu mitig\u00e9 sur les premiers chapitres. Il est vrai que le plot est un peu bizarre. R\u00e9sumons.&nbsp;<\/p>\n\n\n\n<p>Un m\u00e9decin, fan hardcore d\u2019une jeune chanteuse d\u2019un groupe au succ\u00e8s grandissant, meurt alors qu\u2019il est sur le point d\u2019assister \u00e0 l\u2019accouchement de sa chanteuse favorite. Comme un coup du destin, il se r\u00e9incarne dans le b\u00e9b\u00e9 de A\u00ef, et devient par extension son premier fan.&nbsp;<\/p>\n\n\n\n<p>Dis comme \u00e7a c\u2019est bizarre hein ? Et pourtant le manga ne se limite pas \u00e0 cette simple id\u00e9e de r\u00e9incarnation. Il va beaucoup plus loin. En effet, il s\u2019agit dans ce manga d\u2019une critique acerbe du monde du \u00ab&nbsp;showbizz&nbsp;\u00bb, o\u00f9 artistes, producteurs, commerciaux, techniciens sont tous des menteurs. Rien n\u2019est vrai, mais tout est fait pour le faire croire au public.<\/p>\n\n\n\n<p>En plus de cela, on y retrouve aussi une critique de la cadence infernale que les artistes de Kpop ou de Jpop doivent pratiquer pour rester au top, au niveau. Il y a aussi les fans, a qui l\u2019ont ment pour pouvoir leur pr\u00e9lever quelques maigres deniers et qui idol\u00e2tre si fort ces jeunes filles qu\u2019elles deviennent coupable d\u2019aimer une personne autre, qu\u2019un(e) fan.&nbsp;<\/p>\n\n\n\n<p>Bref, une excellente d\u00e9couverte, qui se d\u00e9marque par des dessins tr\u00e8s justes et magnifiques mais aussi par un sc\u00e9nario qui saura, je le sens, \u00eatre surprenant.&nbsp;<\/p>\n\n\n\n<p>Points positifs :&nbsp;<\/p>\n\n\n\n<ul class=\"wp-block-list\"><li>La critique de notre soci\u00e9t\u00e9&nbsp;<\/li><li>Pas de sexualisation des personnages&nbsp;<\/li><li>Le sc\u00e9nario qui prend une tournure inattendue.&nbsp;<\/li><li>Les dessins d\u2019une simplicit\u00e9 folle.&nbsp;<\/li><\/ul>\n\n\n\n<p>Points n\u00e9gatifs :&nbsp;<\/p>\n\n\n\n<ul class=\"wp-block-list\"><li>Un peu trop exp\u00e9di\u00e9, mais c\u2019est normal, c\u2019est le prologue.&nbsp;<\/li><\/ul>\n\n\n\n<p>9\/10.&nbsp;<\/p>\n\n\n\n<h3 class=\"wp-block-heading\">27\/07\/22 &#8211; Oshi No Ko &#8211; T2 de Aka Akasaka &amp; Mengo Yokoyari &#8211; Kurokawa &#8211; <a href=\"https:\/\/www.amazon.fr\/Oshi-no-ko-T2-2\/dp\/238071231X\/ref=pd_bxgy_sccl_1\/257-3850448-2058306?pd_rd_w=WgBIL&amp;content-id=amzn1.sym.3e903e31-26aa-46b7-bc9c-c2062226ae30&amp;pf_rd_p=3e903e31-26aa-46b7-bc9c-c2062226ae30&amp;pf_rd_r=E2QQ92R7ZZHDW01H9CQ9&amp;pd_rd_wg=O7rLP&amp;pd_rd_r=03a82b1b-6b67-4508-8691-bc07b126ef46&amp;pd_rd_i=238071231X&amp;psc=1\">Acheter<\/a> &#8211; Tiktok&nbsp;<\/h3>\n\n\n<div class=\"wp-block-image\">\n<figure class=\"alignright size-large is-resized\"><img loading=\"lazy\" decoding=\"async\" src=\"https:\/\/hirder.be\/wp-content\/uploads\/2022\/09\/Oshi_no_ko_2-768x1024.jpeg\" alt=\"\" class=\"wp-image-423\" width=\"257\" height=\"343\" srcset=\"https:\/\/hirder.be\/wp-content\/uploads\/2022\/09\/Oshi_no_ko_2-768x1024.jpeg 768w, https:\/\/hirder.be\/wp-content\/uploads\/2022\/09\/Oshi_no_ko_2-225x300.jpeg 225w, https:\/\/hirder.be\/wp-content\/uploads\/2022\/09\/Oshi_no_ko_2-1152x1536.jpeg 1152w, https:\/\/hirder.be\/wp-content\/uploads\/2022\/09\/Oshi_no_ko_2-1536x2048.jpeg 1536w, https:\/\/hirder.be\/wp-content\/uploads\/2022\/09\/Oshi_no_ko_2-scaled.jpeg 1920w\" sizes=\"auto, (max-width: 257px) 100vw, 257px\" \/><figcaption>La couverture du T2 de Oshi No Ko<\/figcaption><\/figure>\n<\/div>\n\n\n<p>Par o\u00f9 commencer pour aborder cette \u0153uvre sp\u00e9ciale, qui aborde des th\u00e8mes aussi vari\u00e9s que possible ? Et bien en essayant de les aborder un par un.&nbsp;<\/p>\n\n\n\n<p>Dans un premier temps, nous avons la critique du monde impitoyable du spectacle. Tout le monde veut \u00eatre le nouvel acteur\/actrice \u00e0 la mode et ils sont pr\u00eat \u00e0 tout pour \u00e7a. Et quand je dis acteur\/actrice \u00e7a ne concerne pas que le monde du cin\u00e9ma. Dans le monde la musique c\u2019est pareil, dans le monde du mannequinat aussi. Et la critique est simple. Tout va trop loin.&nbsp;<\/p>\n\n\n\n<p>Ensuite viens la question des s\u00e9ries\/films qui ne sont que des faire valoir pour les acteurs qui jouent dedans. Ils ne se pr\u00e9occupent m\u00eame pas de savoir si \u00e7a respecte l\u2019\u0153uvre original, au d\u00e9triment des fans. Tant que \u00e7a vend, m\u00eame si c\u2019est \u00e0 perte parfois, c\u2019est bon.&nbsp;<\/p>\n\n\n\n<p>Au final ce tome redevient un peu classique. L\u2019histoire avance d\u2019elle m\u00eame, m\u00eame si on ne sait pas o\u00f9 elle va arriver. Les dessins sont bons m\u00eame si le charadesign aurait pu et d\u00fb \u00eatre plus soign\u00e9.&nbsp;<\/p>\n\n\n\n<p>Points positifs :&nbsp;<\/p>\n\n\n\n<ul class=\"wp-block-list\"><li>L\u2019histoire<\/li><li>La critique du monde du show-business&nbsp;<\/li><li>Les dessins<\/li><\/ul>\n\n\n\n<p>Points n\u00e9gatif :&nbsp;<\/p>\n\n\n\n<ul class=\"wp-block-list\"><li>Aqua\/G\u00f4ro.&nbsp;<\/li><\/ul>\n\n\n\n<p>8\/10<\/p>\n\n\n\n<h3 class=\"wp-block-heading\">28\/08\/22 &#8211; Demon Slayer &#8211; T1 de Koyoharu Gotouge &#8211; Panini Manga &#8211; <a href=\"https:\/\/www.amazon.fr\/Demon-Slayer-T01-Koyoharu-Gotouge\/dp\/2809482314\/ref=sr_1_1?crid=1N3OETT286YAN&amp;keywords=demon+slayer+tome+1&amp;qid=1663586222&amp;s=books&amp;sprefix=Demon+Slayer%2Cstripbooks%2C202&amp;sr=1-1\">Acheter<\/a> &#8211; Tiktok<\/h3>\n\n\n<div class=\"wp-block-image\">\n<figure class=\"alignleft size-large is-resized\"><img loading=\"lazy\" decoding=\"async\" src=\"https:\/\/hirder.be\/wp-content\/uploads\/2022\/09\/DS_1-768x1024.jpeg\" alt=\"\" class=\"wp-image-424\" width=\"245\" height=\"327\" srcset=\"https:\/\/hirder.be\/wp-content\/uploads\/2022\/09\/DS_1-768x1024.jpeg 768w, https:\/\/hirder.be\/wp-content\/uploads\/2022\/09\/DS_1-225x300.jpeg 225w, https:\/\/hirder.be\/wp-content\/uploads\/2022\/09\/DS_1-1152x1536.jpeg 1152w, https:\/\/hirder.be\/wp-content\/uploads\/2022\/09\/DS_1-1536x2048.jpeg 1536w, https:\/\/hirder.be\/wp-content\/uploads\/2022\/09\/DS_1-scaled.jpeg 1920w\" sizes=\"auto, (max-width: 245px) 100vw, 245px\" \/><figcaption>La couverture du T1 de Kimetsu no Yaiba (Alias Demon Slayer)<\/figcaption><\/figure>\n<\/div>\n\n\n<p>Comme pour My Hero Academia ou Jujutsu Kaisen , Demon Slayer \u00e9tait l\u2019un des mangas dont j\u2019avais le plus entendu parler mais qui bizarrement ne m\u2019int\u00e9ressait pas plus que \u00e7a. Je ne saurais dire r\u00e9ellement pourquoi.&nbsp;<\/p>\n\n\n\n<p>N\u00e9anmoins, je ne peux pas me pr\u00e9tendre fan de manga, si je ne lis pas les \u0153uvres majeures qui sont sorties ces derni\u00e8res ann\u00e9es. C\u2019est partit donc pour Kimetsu No Yaiba.&nbsp;<\/p>\n\n\n\n<p>La premi\u00e8re chose que l\u2019on peut affirmer c\u2019est que le style du mangaka est particulier. Les dessins sont certes nets et propres, mais le design des personnages est un peu ambigu. Dans le sens o\u00f9 on a parfois du mal \u00e0 d\u00e9finir le sexe du personnage. Ce n\u2019est pas bien grave en soi, mais c\u2019est une remarque fond\u00e9e.&nbsp;<\/p>\n\n\n\n<p>En ce qui concerne le sc\u00e9nario on retrouve quelque chose d\u2019assez basique pour l\u2019id\u00e9e principal. En gros, une personne lambda qui voit toute sa famille se faire tuer et part en qu\u00eate de vengeance. M\u00eame si ici, le cot\u00e9 vengeance est un peu moins exacerb\u00e9 que sur d&rsquo;autres mangas, puisqu&rsquo;il retrouve sa s\u0153ur encore vivante, mais poss\u00e9d\u00e9e par un d\u00e9mon. Original. Et le pire, c&rsquo;est que \u00e7a marche. \u00c7a fonctionne parce que l&rsquo;univers dans lequel \u00e9volue le h\u00e9ros, Tanjiro, est coh\u00e9rent avec ce que l&rsquo;on sait du synopsis. C&rsquo;est le Japon du XX\u00e8me si\u00e8cle.<br><br>Point Positif : <\/p>\n\n\n\n<ul class=\"wp-block-list\"><li>Le background<\/li><li>Le style graphique du manga<\/li><li>Tanjiro<\/li><\/ul>\n\n\n\n<p>Point n\u00e9gatifs :<\/p>\n\n\n\n<ul class=\"wp-block-list\"><li>Le dessin des mains des personnages.&nbsp;<\/li><\/ul>\n\n\n\n<p>8\/10<\/p>\n\n\n\n<h3 class=\"wp-block-heading\">28\/08\/22 &#8211; Spy X Family &#8211; T1 de Tatsuya Endo &#8211; Kurokawa &#8211; <a href=\"https:\/\/www.amazon.fr\/Spy-x-Family-T1-1\/dp\/2380710244\/ref=sr_1_1?__mk_fr_FR=\u00c5M\u00c5\u017d\u00d5\u00d1&amp;keywords=spy+x+family+T1&amp;qid=1663586766&amp;s=books&amp;sr=1-1\">Acheter<\/a> &#8211; Tiktok&nbsp;<\/h3>\n\n\n<div class=\"wp-block-image\">\n<figure class=\"alignright size-large is-resized\"><img decoding=\"async\" src=\"https:\/\/hirder.be\/wp-content\/uploads\/2022\/09\/Spyxfamily_1-768x1024.jpeg\" alt=\"\" class=\"wp-image-425\" width=\"-2103\" height=\"-2804\" srcset=\"https:\/\/hirder.be\/wp-content\/uploads\/2022\/09\/Spyxfamily_1-768x1024.jpeg 768w, https:\/\/hirder.be\/wp-content\/uploads\/2022\/09\/Spyxfamily_1-225x300.jpeg 225w, https:\/\/hirder.be\/wp-content\/uploads\/2022\/09\/Spyxfamily_1-1152x1536.jpeg 1152w, https:\/\/hirder.be\/wp-content\/uploads\/2022\/09\/Spyxfamily_1-1536x2048.jpeg 1536w, https:\/\/hirder.be\/wp-content\/uploads\/2022\/09\/Spyxfamily_1-scaled.jpeg 1920w\" sizes=\"(max-width: 768px) 100vw, 768px\" \/><figcaption>La couverture du T1 de SPY x Family.<\/figcaption><\/figure>\n<\/div>\n\n\n<p>Spy X Family, c&rsquo;est le manga du moment. Avec la sortie de l&rsquo;anim\u00e9, j&rsquo;en ai profit\u00e9 non pas pour me mettre \u00e0 jour, mais bien pour commencer la s\u00e9rie, en partie parce que j&rsquo;\u00e9tais curieux de savoir ce qui provoquait cette hype. Je dois clairement admettre que je ne suis pas d\u00e9\u00e7u.<br><br>Twillight, le plus grand espion du monde, se voit confier une nouvelle mission, qui va lui demander de fonder une famille, chose \u00e0 laquelle il n&rsquo;aspire pas sp\u00e9cialement. Il va d\u00e8s lors adopt\u00e9 Anya, une t\u00e9l\u00e9pathe de quatre ans, qui profite de ses dons pour essayer de plaire \u00e0 son nouveau p\u00e8re. Par apr\u00e8s, il va se marier officiellement avec Princesse Ibara, une tueuse professionnel qui n&rsquo;as pas d\u2019exp\u00e9rience avec les hommes. Tout porte \u00e0 croire que la mission sera un \u00e9chec et pourtant, elle se d\u00e9roule parfaitement.<br><br>Au point que l&rsquo;admission dans l&rsquo;\u00e9cole qui fait partie de la mission de Twillight, ne semble pas aussi compliqu\u00e9 qu&rsquo;il n&rsquo;y parait d&rsquo;un premier abord. Les dessins, ainsi que le sc\u00e9nario offre une bou\u00e9e d&rsquo;air frais sur ce qui se fait dans le monde du Shonen.<\/p>\n\n\n\n<p>Point Positif : <\/p>\n\n\n\n<ul class=\"wp-block-list\"><li>Les personnages principaux&nbsp;<\/li><li>Les dessins<\/li><li>Le sc\u00e9nario&nbsp;<\/li><\/ul>\n\n\n\n<p>Point N\u00e9gatif :&nbsp;<\/p>\n\n\n\n<ul class=\"wp-block-list\"><li>Aucun. J&rsquo;ai vraiment essay\u00e9 de chercher quelque chose qui ne m&rsquo;as pas plus, mais je n&rsquo;ai rien trouv\u00e9.&nbsp;<\/li><\/ul>\n\n\n\n<p>9\/10<\/p>\n\n\n\n<h3 class=\"wp-block-heading\">28\/08\/22 &#8211; One Piece &#8211; T72 de Eiichiro Oda &#8211; Gl\u00e9nat &#8211; <a href=\"https:\/\/www.amazon.fr\/One-piece-originale-ODA-Eiichir\u00f4\/dp\/2344004319\/ref=sr_1_1?__mk_fr_FR=\u00c5M\u00c5\u017d\u00d5\u00d1&amp;crid=1610OCJXS0GJV&amp;keywords=One+Piece+72&amp;qid=1663586854&amp;s=books&amp;sprefix=one+piece+72%2Cstripbooks%2C191&amp;sr=1-1\">Acheter<\/a> &#8211; Tiktok<\/h3>\n\n\n<div class=\"wp-block-image\">\n<figure class=\"alignleft size-large is-resized\"><img loading=\"lazy\" decoding=\"async\" src=\"https:\/\/hirder.be\/wp-content\/uploads\/2022\/09\/OnePiece_72-768x1024.jpeg\" alt=\"\" class=\"wp-image-429\" width=\"250\" height=\"334\" srcset=\"https:\/\/hirder.be\/wp-content\/uploads\/2022\/09\/OnePiece_72-768x1024.jpeg 768w, https:\/\/hirder.be\/wp-content\/uploads\/2022\/09\/OnePiece_72-225x300.jpeg 225w, https:\/\/hirder.be\/wp-content\/uploads\/2022\/09\/OnePiece_72-1152x1536.jpeg 1152w, https:\/\/hirder.be\/wp-content\/uploads\/2022\/09\/OnePiece_72-1536x2048.jpeg 1536w, https:\/\/hirder.be\/wp-content\/uploads\/2022\/09\/OnePiece_72-scaled.jpeg 1920w\" sizes=\"auto, (max-width: 250px) 100vw, 250px\" \/><figcaption>La couverture de One Piece T72<\/figcaption><\/figure>\n<\/div>\n\n\n<p>Les combats dans l&rsquo;ar\u00e8ne continuent. Les f\u00e9es se r\u00e9voltent. Et le Sunny ne r\u00e9pond pas. Voil\u00e0 comment commence ce tome. Il n&rsquo;est pas sp\u00e9cialement enricchissant, mais il y a pas mal de mise en place pour ce qui va suivre. On sait de toute fa\u00e7on qu&rsquo;Oda aime prendre son temps pour faire avancer les choses correctement et j&rsquo;apr\u00e9cie le fait qu&rsquo;il le fasse. C&rsquo;est ainsi qu&rsquo;on en apprend plus sur Dressrosa, l&rsquo;\u00eele qui appartient \u00e0 Doflamingo. Il n&rsquo;en a pas toujours \u00e9t\u00e9 ainsi, certes, mais elle lui revient de droit maintenant.&nbsp;<\/p>\n\n\n\n<p>Et alors que les combattants du dernier bloc vont entrer en sc\u00e8ne, Rebecca, l&rsquo;une de ses combattantes s&rsquo;av\u00e8re \u00eatre la descendant du vieux roi de Dressrosa. Intriguant.&nbsp;<\/p>\n\n\n\n<p>Comme toujours avec One Piece, les dessins sont \u00e0 la hauteur de ce qu&rsquo;on attend de l\u2019\u0153uvre apr\u00e8s autant d&rsquo;ann\u00e9es. Et le sc\u00e9nario commence aussi \u00e0 prendre une tournure passionnante. Passionnante parce qu&rsquo;on part dans un truc de complot a d\u00e9jouer et que personnellement j&rsquo;adore \u00e7a.<br><br><\/p>\n\n\n\n<p>Point Positifs :&nbsp;<\/p>\n\n\n\n<ul class=\"wp-block-list\"><li>L&rsquo;arc de Dressrosa se met en place&nbsp;<\/li><li>Les dessins<\/li><li>Le personnage de Rebeca.&nbsp;<\/li><\/ul>\n\n\n\n<p>Points N\u00e9gatif :&nbsp;<\/p>\n\n\n\n<ul class=\"wp-block-list\"><li>C&rsquo;est un shonen.&nbsp;<\/li><\/ul>\n\n\n\n<p>8\/10<\/p>\n\n\n\n<h3 class=\"wp-block-heading\">28\/08\/22 &#8211; One Piece &#8211; T73 de Eiichiro Oda &#8211; Gl\u00e9nat &#8211; <a href=\"https:\/\/librairie-jaune.shop\/products\/one-piece-edition-originale-tome-73-loperation-dressrosa-s-o-p\" target=\"_blank\" rel=\"noreferrer noopener\">Acheter <\/a>&#8211; Tiktok<\/h3>\n\n\n<div class=\"wp-block-image\">\n<figure class=\"alignright size-large is-resized\"><img loading=\"lazy\" decoding=\"async\" src=\"https:\/\/hirder.be\/wp-content\/uploads\/2022\/11\/OnePiece_73-768x1024.jpeg\" alt=\"\" class=\"wp-image-437\" width=\"294\" height=\"392\" srcset=\"https:\/\/hirder.be\/wp-content\/uploads\/2022\/11\/OnePiece_73-768x1024.jpeg 768w, https:\/\/hirder.be\/wp-content\/uploads\/2022\/11\/OnePiece_73-225x300.jpeg 225w, https:\/\/hirder.be\/wp-content\/uploads\/2022\/11\/OnePiece_73-1152x1536.jpeg 1152w, https:\/\/hirder.be\/wp-content\/uploads\/2022\/11\/OnePiece_73-1536x2048.jpeg 1536w, https:\/\/hirder.be\/wp-content\/uploads\/2022\/11\/OnePiece_73-scaled.jpeg 1920w\" sizes=\"auto, (max-width: 294px) 100vw, 294px\" \/><figcaption>La couverture du Tome 73 de One Piece. <\/figcaption><\/figure>\n<\/div>\n\n\n<p>One Piece est vraiment une oeuvre \u00e0 part. Je n&rsquo;arrete pas de me faire la relfexion plus je lis les tomes, mais aucun manga, pas m\u00eame Naruto que je consid\u00e8re pourtant comme mon manga favoris ATM, ne parvient \u00e0 me faire \u00e9prouver ce que je ressens avec One Piece. Ce tome 73 est ce que j&rsquo;appelle un tome charni\u00e8re, puisqu&rsquo;il continue la mise en place des \u00e9l\u00e9ments qui vont participer \u00e0 la chute de Doflamingo. On y apprend ainsi que le roi s&rsquo;est fait manipul\u00e9 par Doflamingo pour tuer son propre,peuple et se faire passer pour un paria, alors qu&rsquo;en r\u00e9alit\u00e9 il n&rsquo;en \u00e9tait rien.<\/p>\n\n\n\n<p>On apprend aussi qu&rsquo;un myst\u00e9rieux fruit du d\u00e9mon, obtenu par quelqu&rsquo;un de myst\u00e9rieux, transforment les humains en jouets et fait oublier leur \u00e9xistence \u00e0 ceux qui les ont connus. Ce qui n&rsquo;arrange pas les Nains\/f\u00e9e, ni les jouets, puisque parmi eux, se trouvent notamment des anciens gardes du Roi, ou bien le roi lui-m\u00eame. Et que dire de la derni\u00e8re page de ce tome, qui annonce le retour de Sabo ? Je ne saurais le dire, mais j&rsquo;ai vraiment h\u00e2te de lire la suite.&nbsp;<\/p>\n\n\n\n<p>Comme toujours avec One Piece et Oda, je n&rsquo;ai strictement rien \u00e0 redire sur les dessins. Ils sont \u00e0 l&rsquo;apog\u00e9e de ce que Oda peut faire je pense. Fait int\u00e9ressant, on a eu la conclusion avec les chapitre 1050 et quelques, de l&rsquo;arc de Wano, qui vient apr\u00e8s Big Mom. Mais c&rsquo;est la conclusion d&rsquo;une mise en place de 10 ans, qui a d\u00e9but\u00e9 avec Punk Hazard.&nbsp;<\/p>\n\n\n\n<p>Point Positif :&nbsp;<\/p>\n\n\n\n<ul class=\"wp-block-list\"><li>Les dessins&nbsp;<\/li><li>Le sc\u00e9nario&nbsp;<\/li><li>Les flashback<\/li><\/ul>\n\n\n\n<p>Point N\u00e9gatif :&nbsp;<\/p>\n\n\n\n<ul class=\"wp-block-list\"><li>C&rsquo;est un Sh\u00f4nen.&nbsp;<\/li><\/ul>\n\n\n\n<p>8\/10<\/p>\n","protected":false},"excerpt":{"rendered":"<p>Liste de Lecture &#8211; Juillet 2022 Ce mois-ci, dans la Liste de Lecture :&nbsp; #Carne de chez HSN#Widjigo de chez&hellip;<\/p>\n","protected":false},"author":1,"featured_media":0,"parent":0,"menu_order":0,"comment_status":"closed","ping_status":"closed","template":"","meta":{"footnotes":""},"class_list":["post-399","page","type-page","status-publish","hentry"],"yoast_head":"<!-- This site is optimized with the Yoast SEO plugin v27.5 - https:\/\/yoast.com\/product\/yoast-seo-wordpress\/ -->\n<title>Liste de Lecture - Juillet 2022 - Le Blog de Hirder<\/title>\n<meta name=\"robots\" content=\"index, follow, max-snippet:-1, max-image-preview:large, max-video-preview:-1\" \/>\n<link rel=\"canonical\" href=\"https:\/\/hirder.be\/?page_id=399\" \/>\n<meta property=\"og:locale\" content=\"fr_FR\" \/>\n<meta property=\"og:type\" content=\"article\" \/>\n<meta property=\"og:title\" content=\"Liste de Lecture - Juillet 2022 - Le Blog de Hirder\" \/>\n<meta property=\"og:description\" content=\"Liste de Lecture &#8211; Juillet 2022 Ce mois-ci, dans la Liste de Lecture :&nbsp; #Carne de chez HSN#Widjigo de chez&hellip;\" \/>\n<meta property=\"og:url\" content=\"https:\/\/hirder.be\/?page_id=399\" \/>\n<meta property=\"og:site_name\" content=\"Le Blog de Hirder\" \/>\n<meta property=\"article:modified_time\" content=\"2022-11-01T20:23:04+00:00\" \/>\n<meta property=\"og:image\" content=\"https:\/\/hirder.be\/wp-content\/uploads\/2022\/09\/Carne-768x1024.jpeg\" \/>\n<meta name=\"twitter:card\" content=\"summary_large_image\" \/>\n<meta name=\"twitter:label1\" content=\"Dur\u00e9e de lecture est.\" \/>\n\t<meta name=\"twitter:data1\" content=\"40 minutes\" \/>\n<script type=\"application\/ld+json\" class=\"yoast-schema-graph\">{\"@context\":\"https:\\\/\\\/schema.org\",\"@graph\":[{\"@type\":\"WebPage\",\"@id\":\"https:\\\/\\\/hirder.be\\\/?page_id=399\",\"url\":\"https:\\\/\\\/hirder.be\\\/?page_id=399\",\"name\":\"Liste de Lecture - Juillet 2022 - Le Blog de Hirder\",\"isPartOf\":{\"@id\":\"https:\\\/\\\/hirder.be\\\/#website\"},\"primaryImageOfPage\":{\"@id\":\"https:\\\/\\\/hirder.be\\\/?page_id=399#primaryimage\"},\"image\":{\"@id\":\"https:\\\/\\\/hirder.be\\\/?page_id=399#primaryimage\"},\"thumbnailUrl\":\"https:\\\/\\\/hirder.be\\\/wp-content\\\/uploads\\\/2022\\\/09\\\/Carne-768x1024.jpeg\",\"datePublished\":\"2022-09-19T11:24:21+00:00\",\"dateModified\":\"2022-11-01T20:23:04+00:00\",\"breadcrumb\":{\"@id\":\"https:\\\/\\\/hirder.be\\\/?page_id=399#breadcrumb\"},\"inLanguage\":\"fr-BE\",\"potentialAction\":[{\"@type\":\"ReadAction\",\"target\":[\"https:\\\/\\\/hirder.be\\\/?page_id=399\"]}]},{\"@type\":\"ImageObject\",\"inLanguage\":\"fr-BE\",\"@id\":\"https:\\\/\\\/hirder.be\\\/?page_id=399#primaryimage\",\"url\":\"https:\\\/\\\/hirder.be\\\/wp-content\\\/uploads\\\/2022\\\/09\\\/Carne-768x1024.jpeg\",\"contentUrl\":\"https:\\\/\\\/hirder.be\\\/wp-content\\\/uploads\\\/2022\\\/09\\\/Carne-768x1024.jpeg\"},{\"@type\":\"BreadcrumbList\",\"@id\":\"https:\\\/\\\/hirder.be\\\/?page_id=399#breadcrumb\",\"itemListElement\":[{\"@type\":\"ListItem\",\"position\":1,\"name\":\"Accueil\",\"item\":\"https:\\\/\\\/hirder.be\\\/\"},{\"@type\":\"ListItem\",\"position\":2,\"name\":\"Liste de Lecture &#8211; Juillet 2022\"}]},{\"@type\":\"WebSite\",\"@id\":\"https:\\\/\\\/hirder.be\\\/#website\",\"url\":\"https:\\\/\\\/hirder.be\\\/\",\"name\":\"Le Blog de Hirder\",\"description\":\"Chassez les succ\u00e8s, c&#039;est mon kiff.\",\"potentialAction\":[{\"@type\":\"SearchAction\",\"target\":{\"@type\":\"EntryPoint\",\"urlTemplate\":\"https:\\\/\\\/hirder.be\\\/?s={search_term_string}\"},\"query-input\":{\"@type\":\"PropertyValueSpecification\",\"valueRequired\":true,\"valueName\":\"search_term_string\"}}],\"inLanguage\":\"fr-BE\"}]}<\/script>\n<!-- \/ Yoast SEO plugin. -->","yoast_head_json":{"title":"Liste de Lecture - Juillet 2022 - Le Blog de Hirder","robots":{"index":"index","follow":"follow","max-snippet":"max-snippet:-1","max-image-preview":"max-image-preview:large","max-video-preview":"max-video-preview:-1"},"canonical":"https:\/\/hirder.be\/?page_id=399","og_locale":"fr_FR","og_type":"article","og_title":"Liste de Lecture - Juillet 2022 - Le Blog de Hirder","og_description":"Liste de Lecture &#8211; Juillet 2022 Ce mois-ci, dans la Liste de Lecture :&nbsp; #Carne de chez HSN#Widjigo de chez&hellip;","og_url":"https:\/\/hirder.be\/?page_id=399","og_site_name":"Le Blog de Hirder","article_modified_time":"2022-11-01T20:23:04+00:00","og_image":[{"url":"https:\/\/hirder.be\/wp-content\/uploads\/2022\/09\/Carne-768x1024.jpeg","type":"","width":"","height":""}],"twitter_card":"summary_large_image","twitter_misc":{"Dur\u00e9e de lecture est.":"40 minutes"},"schema":{"@context":"https:\/\/schema.org","@graph":[{"@type":"WebPage","@id":"https:\/\/hirder.be\/?page_id=399","url":"https:\/\/hirder.be\/?page_id=399","name":"Liste de Lecture - Juillet 2022 - Le Blog de Hirder","isPartOf":{"@id":"https:\/\/hirder.be\/#website"},"primaryImageOfPage":{"@id":"https:\/\/hirder.be\/?page_id=399#primaryimage"},"image":{"@id":"https:\/\/hirder.be\/?page_id=399#primaryimage"},"thumbnailUrl":"https:\/\/hirder.be\/wp-content\/uploads\/2022\/09\/Carne-768x1024.jpeg","datePublished":"2022-09-19T11:24:21+00:00","dateModified":"2022-11-01T20:23:04+00:00","breadcrumb":{"@id":"https:\/\/hirder.be\/?page_id=399#breadcrumb"},"inLanguage":"fr-BE","potentialAction":[{"@type":"ReadAction","target":["https:\/\/hirder.be\/?page_id=399"]}]},{"@type":"ImageObject","inLanguage":"fr-BE","@id":"https:\/\/hirder.be\/?page_id=399#primaryimage","url":"https:\/\/hirder.be\/wp-content\/uploads\/2022\/09\/Carne-768x1024.jpeg","contentUrl":"https:\/\/hirder.be\/wp-content\/uploads\/2022\/09\/Carne-768x1024.jpeg"},{"@type":"BreadcrumbList","@id":"https:\/\/hirder.be\/?page_id=399#breadcrumb","itemListElement":[{"@type":"ListItem","position":1,"name":"Accueil","item":"https:\/\/hirder.be\/"},{"@type":"ListItem","position":2,"name":"Liste de Lecture &#8211; Juillet 2022"}]},{"@type":"WebSite","@id":"https:\/\/hirder.be\/#website","url":"https:\/\/hirder.be\/","name":"Le Blog de Hirder","description":"Chassez les succ\u00e8s, c&#039;est mon kiff.","potentialAction":[{"@type":"SearchAction","target":{"@type":"EntryPoint","urlTemplate":"https:\/\/hirder.be\/?s={search_term_string}"},"query-input":{"@type":"PropertyValueSpecification","valueRequired":true,"valueName":"search_term_string"}}],"inLanguage":"fr-BE"}]}},"_links":{"self":[{"href":"https:\/\/hirder.be\/index.php?rest_route=\/wp\/v2\/pages\/399","targetHints":{"allow":["GET"]}}],"collection":[{"href":"https:\/\/hirder.be\/index.php?rest_route=\/wp\/v2\/pages"}],"about":[{"href":"https:\/\/hirder.be\/index.php?rest_route=\/wp\/v2\/types\/page"}],"author":[{"embeddable":true,"href":"https:\/\/hirder.be\/index.php?rest_route=\/wp\/v2\/users\/1"}],"replies":[{"embeddable":true,"href":"https:\/\/hirder.be\/index.php?rest_route=%2Fwp%2Fv2%2Fcomments&post=399"}],"version-history":[{"count":5,"href":"https:\/\/hirder.be\/index.php?rest_route=\/wp\/v2\/pages\/399\/revisions"}],"predecessor-version":[{"id":452,"href":"https:\/\/hirder.be\/index.php?rest_route=\/wp\/v2\/pages\/399\/revisions\/452"}],"wp:attachment":[{"href":"https:\/\/hirder.be\/index.php?rest_route=%2Fwp%2Fv2%2Fmedia&parent=399"}],"curies":[{"name":"wp","href":"https:\/\/api.w.org\/{rel}","templated":true}]}}