{"id":129,"date":"2021-12-01T09:00:00","date_gmt":"2021-12-01T08:00:00","guid":{"rendered":"http:\/\/hirder.be\/?page_id=129"},"modified":"2021-12-01T09:31:50","modified_gmt":"2021-12-01T08:31:50","slug":"liste-de-lecture-novembre-2021","status":"publish","type":"page","link":"https:\/\/hirder.be\/?page_id=129","title":{"rendered":"Liste de Lecture &#8211; Novembre 2021"},"content":{"rendered":"\n<p>Deuxi\u00e8me \u00e9pisode de cette Liste de Lecture avec du menu fretin : <\/p>\n\n\n\n<ul class=\"wp-block-list\"><li>L&rsquo;Attaque des Titans de chez Pika<\/li><li>One Piece de chez Gl\u00e9nat<\/li><li>Shangri-La-Frontier de chez Gl\u00e9nat<\/li><li>Le Bateau de Th\u00e9s\u00e9e de chez Vega Dupuis<\/li><li>Terrarium de chez Gl\u00e9nat<\/li><li>Bucket List of The Dead de chez Kana<\/li><li>Alma de chez Panini Manga<\/li><\/ul>\n\n\n\n<p>Voici donc mes critiques de ces tomes ! <\/p>\n\n\n\n<h3 class=\"wp-block-heading\">04\/11\/21 &#8211; L\u2019Attaque des Titans &#8211; T31 de Hajime Isayama &#8211; Pika &#8211; <a href=\"https:\/\/livre.fnac.com\/a14818609\/L-Attaque-des-Titans-Tome-31-L-Attaque-des-Titans-Hajime-Isayama\">Acheter<\/a>&nbsp;<\/h3>\n\n\n\n<p>Ce tome 31 signe enfin le retour du Eren que j\u2019appr\u00e9cie. M\u00eame si je ne suis pas d\u2019accord avec son geste, je ne peux qu\u2019appr\u00e9cier que la philosophie du personnage soit rest\u00e9 la m\u00eame. D\u2019ailleurs (et je le remarque en \u00e9crivant cette critique), Eren est proche du mot Eden qui&nbsp; est le nom du Paradis dans le mythe d\u2019Adam et \u00c8ve. C\u2019est un parall\u00e8le tr\u00e8s int\u00e9ressant car, l\u2019\u00eele sur laquelle vit Eren se nomme \u2026 l\u2019Ile du Paradis ! Je suis presque s\u00fbr que ce n\u2019est pas une co\u00efncidence ! Quand bien m\u00eame, le tome reste assez sombre et fou. Les dessins des Titans Primordiaux sont fou et on ressent parfaitement la pression qu\u2019ils peuvent mettre sur le monde. Un bon tome !&nbsp;<\/p>\n\n\n\n<p>8\/10<\/p>\n\n\n\n<h3 class=\"wp-block-heading\">04\/11\/21 &#8211; L\u2019Attaque des Titans &#8211; T32 de Hajime Isayama &#8211; Pika &#8211; <a href=\"https:\/\/livre.fnac.com\/a14988938\/L-Attaque-des-Titans-Tome-32-L-Attaque-des-Titans-Hajime-Isayama\" target=\"_blank\" rel=\"noreferrer noopener\">Acheter<\/a><\/h3>\n\n\n\n<p>La r\u00e9volte se dessine enfin dans le bataillon d\u2019exploration. Je ne sais pas trop pourquoi ils ont tant attendu. Esp\u00e9raient-ils qu\u2019Eren renonce \u00e0 son projet qu\u2019il murit depuis de nombreuses ann\u00e9es ? Ou bien se sentaient-ils impuissant face \u00e0 des titans aussi grand, fort et majestueux (pour un Titan de ce monde l\u00e0, c\u2019est un peu quelque chose d\u2019anormal mais je les trouve majestueux) ? Je ne saurais le dire. Mais ils prennent enfin les devants et r\u00e9agissent avec panache \u00e0 la situation. Et que dire des dessins qui sont justes \u2026 Fou ! Isayama se donne \u00e0 fond pour la fin de son manga et \u00e7a se voit. Quand les Titans d\u00e9barquent sur le continent et qu\u2019ils commencent \u00e0 tous massacrer sur leur passages (dans vraiment se soucier de qui est qui), les dessins rendent vraiment justice \u00e0 l\u2019\u0153uvre dans son ensemble et c\u2019est une excellente chose quand on sait que j\u2019ai eu tellement de mal \u00e0 accrocher au design des personnages. Heureusement que pour l\u2019anim\u00e9, on a des couleurs et des voix.&nbsp;<\/p>\n\n\n\n<p>8.5\/10<\/p>\n\n\n\n<h3 class=\"wp-block-heading\">08\/11\/21 &#8211; L\u2019Attaque des Titans &#8211; T33 de Hajime Isayama&nbsp;&#8211; Pika &#8211; <a href=\"https:\/\/livre.fnac.com\/a15016615\/L-Attaque-des-Titans-Tome-33-L-Attaque-des-Titans-Hajime-Isayama\" target=\"_blank\" rel=\"noreferrer noopener\">Acheter<\/a> <\/h3>\n\n\n\n<p>C\u2019est un tome parfait. M\u00eame si c\u2019est sans doute le plus cruel de tous ceux que j\u2019ai lu jusqu\u2019\u00e0 pr\u00e9sent dans la s\u00e9rie de l\u2019Attaque des Titans, \u00e7a reste le meilleure tome de la s\u00e9rie pour l\u2019instant (il me reste le 34 a d\u00e9vor\u00e9). Les dessins sont tous simplement magnifique. Isayama est d\u00e9cid\u00e9ment dou\u00e9 pour montrer le grandiose et le gigantisme. Je ne doute pas qu\u2019il soit bien aid\u00e9 de ses assistants, mais \u00e7a reste quand m\u00eame une tr\u00e8s bonne repr\u00e9sentation de l\u2019\u00e9chelle et de la grandeur. De m\u00eame il parvient \u00e0 pousser son sc\u00e9nario juste un petit peu plus loin pour nous donner envie de lire la conclusion. Qui je l\u2019esp\u00e8re ne sera pas d\u00e9cevante.&nbsp;<\/p>\n\n\n\n<h3 class=\"wp-block-heading\">08\/11\/21 &#8211; L\u2019Attaque des Titans &#8211; T34 de Hajime Isayama &#8211; Pika &#8211; <a href=\"https:\/\/livre.fnac.com\/a16053167\/L-Attaque-des-Titans-Tome-34-L-Attaque-des-Titans-Hajime-Isayama\" target=\"_blank\" rel=\"noreferrer noopener\">Acheter<\/a>&nbsp;<\/h3>\n\n\n\n<p>La vie est un \u00e9ternel recommencement. C\u2019est comme \u00e7a que ce conclut l\u2019Attaque des Titans. Et quel fin. Le tome en lui m\u00eame est presque deux fois plus Grand que les tomes habituels. Et je trouve \u00e7a bien. Je suis cependant un peu partag\u00e9. La fin est une bonne fin, qu\u2019on l\u2019accepte ou non. Les messages qui sont transmis sont des messages d\u2019amour, d\u2019acceptation, de tol\u00e9rance. Et pourtant. Pourtant j\u2019avais une larme \u00e0 l\u2019\u0153il quand j\u2019ai lu les derniers mots d\u2019Eren. J\u2019avais un sentiment de tristesse vraiment profond lorsque Hani compris qu\u2019il s\u2019\u00e9tait sacrifi\u00e9 pour le bien des Eldiens, mais aussi pour le bien de l\u2019humanit\u00e9. Et \u00e7a n\u2019a pas suffit. Quel peut \u00eatre la r\u00e9flexion derri\u00e8re tout cela ? Est-ce que l\u2019homme est vou\u00e9, condamn\u00e9 m\u00eame, \u00e0 reproduire \u00e9ternellement les m\u00eames erreurs. C\u2019est une question l\u00e9gitime qu\u2019on peut se poser, car toute l\u2019histoire de l\u2019attaque des titans n\u2019est qu\u2019un reflet certes exag\u00e9r\u00e9 est dans un monde fantastique, de l\u2019\u00e9poque dans laquelle nous vivons. De tout cela que faut-il retenir ? Et bien je pense que les messages principaux du mangas tels que l\u2019amour, la consid\u00e9ration, l\u2019empathie, et le respect de chacun doivent \u00eatre des valeurs universelles. Nous autres, en tant qu\u2019humain, devons essayer de faire de notre mieux pour transmettre toutes ces valeurs aux g\u00e9n\u00e9rations futures pour que jamais elle n\u2019oublie (m\u00eame si je d\u00e9teste le mot jamais), que les erreurs du pass\u00e9 peuvent se reproduire.<\/p>\n\n\n\n<h3 class=\"wp-block-heading\">10\/11\/21 &#8211; One Piece &#8211; T55 de Eiichiro Oda &#8211; Gl\u00e9nat &#8211; <a href=\"https:\/\/www.glenat.com\/one-piece\/one-piece-edition-originale-tome-55-9782344001998\" target=\"_blank\" rel=\"noreferrer noopener\">Acheter<\/a><\/h3>\n\n\n\n<p>Je vais le dire \u00e0 chaque tome, mais ce manga c\u2019est vraiment une p\u00e9pite. Je ne sais pas comment j\u2019ai fait pour \u00eatre aussi en retard mais depuis que j\u2019ai commenc\u00e9 je passe d\u2019\u00e9merveillement en \u00e9merveillement et parfois plusieurs fois par tome. J\u2019aime beaucoup le fait qu\u2019Oda r\u00e9utilise des personnages qu\u2019on a vu dans d\u2019autre tomes et leur donne une seconde jeunes (voir une troisi\u00e8me pour Baggy haha) et \u00e7a me fait tr\u00e8s plaisir de revoir des personnages d\u2019un de mes arcs favoris, celui d\u2019Alabasta. Concernant ce tome maintenant. Et bien, je vais d\u2019abord vous parler d\u2019une autre chose. J\u2019ai r\u00e9cemment vu quelques part, une personne qui disait qu\u2019elle trouvait le fait que Luffy soit d\u2019une famille sacr\u00e9 (au chapitre 1028), un peu \u00e9trange. Dans ce tome, en connaissant cette information que je ne suis cens\u00e9 conna\u00eetre que bien plus tard, et bien les actions miraculeuses de Luffy prenne sens. Oui, il a une volont\u00e9 de fer et c\u2019est aussi un moteur. Mais je consid\u00e8re que les deux ne sont pas en inad\u00e9quation l\u2019un avec l\u2019autre. Pour ce qui est du reste du tome, les dessins sont toujours aussi bon, d\u00e9taill\u00e9s et l humour est encore plus pr\u00e9sent m\u00eame dans une situation catastrophique comme celle dans laquelle se trouve Ace. J\u2019aime aussi beaucoup le fait que Luffy perde de temps \u00e0 autre. Bien qu\u2019il soit tr\u00e8s fort, c\u2019est une bonne chose de provoquer des d\u00e9faites parfois, \u00e7a force le personnage \u00e0 se d\u00e9passer encore plus.&nbsp;<\/p>\n\n\n\n<h3 class=\"wp-block-heading\">11\/11\/21 &#8211; Le Bateau de Th\u00e9s\u00e9e -T1 &#8211; de Higashimoto Toshiya &#8211; Vega Dupuis &#8211; <a href=\"https:\/\/livre.fnac.com\/a13195656\/Le-bateau-de-Thesee-Tome-1-Le-Bateau-de-Thesee-Toshiya-Higashimoto\" target=\"_blank\" rel=\"noreferrer noopener\">Acheter<\/a>&nbsp;<\/h3>\n\n\n\n<p>Le bateau de Th\u00e9s\u00e9e est une exp\u00e9rience de pens\u00e9e philosophique plut\u00f4t bien connu de la plupart des gens. Il d\u00e9crit en fait, le bateau du h\u00e9ros Grec, Th\u00e9s\u00e9e, qui le laissa au port d\u2019Ath\u00e8nes apr\u00e8s sa victoire contre le Minautore, fut constamment entretenu par les Ath\u00e9niens, qui remplac\u00e8rent les planches de celui, au fur et \u00e0 mesure qu\u2019elles vieillissaient. La question est donc de savoir si, il s\u2019agit toujours du bateau de Th\u00e9s\u00e9e ou bien d\u2019une nouvelle version. Cela dis, le manga prend un peu le m\u00eame principe. Shin Tamura est le fils de Bungo Sano, un homme accus\u00e9 du meurtre de 21 personnes dont une dizaine d\u2019enfants, tu\u00e9 par empoisonnement, durant le mois de Juin 1985, dans la petite ville d\u2019Oto Osu. Ayant particuli\u00e8rement souffert de la situation (harcel\u00e9 d\u00e8s que les habitants des diff\u00e9rents quartiers apprenaient que Shin et sa famille \u00e9taient li\u00e9 \u00e0 Sano), il d\u00e9cide apr\u00e8s la perte de sa femme, Yuki et de son enfant Miru, de rendre visite \u00e0 Sano. Sur le chemin, il fait un d\u00e9tour par Oto Osu, ou il se retrouve myst\u00e9rieusement envelopp\u00e9 dans un brouillard qui le ram\u00e8ne \u2026 6 mois avant l\u2019horrible catastrophe. Comprenant petit \u00e0 petit, qu\u2019il a le pouvoir de faire changer les choses, mais aussi de conna\u00eetre un p\u00e8re qu\u2019il n\u2019a jamais connu, il d\u00e9cide de tenter de modifier le pass\u00e9. Cette histoire est particuli\u00e8rement prenante et int\u00e9ressante. A tel point, que je me suis enfil\u00e9 les 5 premiers tomes en deux bonnes heures. Ils sont facile \u00e0 lire, les dessins sont simple, mais terriblement efficace et l\u2019histoire est men\u00e9e de main de ma\u00eetre par l\u2019auteur. L\u00e0, o\u00f9 le manga fait mouche, c\u2019est dans l\u2019utilisation des derni\u00e8res pages, ou on comprend que Sano n\u2019est pas le tueur que les preuves veulent faire croire qu\u2019il est, mais que quelqu\u2019un d\u2019autres est bien responsable des crimes d\u2019Oto Osu. Une tr\u00e8s belle surprise en g\u00e9n\u00e9rale !<br><br>9\/10.<\/p>\n\n\n\n<h3 class=\"wp-block-heading\"><br>11\/11\/21 &#8211; Le Bateau de Th\u00e9s\u00e9e &#8211; T2 de Higashimoto Toshiya &#8211; Vega Dupuis &#8211; <a href=\"https:\/\/www.dupuis.com\/le-bateau-de-thesee\/bd\/le-bateau-de-thesee-tome-2-le-bateau-de-thesee-tome-2-10\/89735\" target=\"_blank\" rel=\"noreferrer noopener\">Acheter<\/a>&nbsp;<\/h3>\n\n\n\n<p>Ce deuxi\u00e8me tome est la suite parfaite d\u2019un manga pour moi. En plus de complexifi\u00e9 les intrigues (qui est le tueur ? Est-ce vraiment Sano ? Ou bien quelqu\u2019un d\u2019autre comme le livreur de journaux Hasegawa ? ), elle a le don de nous frustrer quelques peu (et c\u2019est selon moi une bonne chose). Pourquoi est-ce que je dis que c\u2019est frustr\u00e2tes ? Et bien on a envie de savoir. On a envie d\u2019en apprendre plus sur la vie \u00e0 Oto Osu, sur la famille de Sano, \u00e0 laquelle Shin appartient. D\u2019ailleurs, dans ce tome, on peut remarquer l\u2019\u00e9volution du personnage de Shin, qui se rend compte, petit \u00e0 petit, que son p\u00e8re n\u2019est vraisemblablement pas l\u2019horrible meurtrier dont il a entendu parler toute sa vie. Mais que va-t-il se passer alors ? Shin d\u00e9cide de tenter l\u2019exp\u00e9rience et modifie alors le pass\u00e9, faisant en sorte d\u2019&nbsp;\u00e9viter une mort accidentelle lors d\u2019une avalanche, et la mort d\u2019un po\u00e8te vieillissant.&nbsp;<\/p>\n\n\n\n<p>8\/10<\/p>\n\n\n\n<h3 class=\"wp-block-heading\">11\/11\/21 &#8211; Le Bateau de Th\u00e9s\u00e9 &#8211; T3 de Higashimoto Toshiya &#8211; Vega Dupuis &#8211; <a href=\"https:\/\/livre.fnac.com\/a15584391\/Le-bateau-de-Thesee-Tome-3-Le-Bateau-de-Thesee-Tome-3-Edition-speciale-a-prix-reduit-Toshiya-Higashimoto\" target=\"_blank\" rel=\"noreferrer noopener\">Acheter<\/a>&nbsp;<\/h3>\n\n\n\n<p>Apr\u00e8s la mort de la jeune Chinatsu, c\u2019est au our de sa soeur Akane d\u2019\u00eatre port\u00e9e disparue. \u00c0 la suite d\u2019une dispute entre Suzu, la soeur ain\u00e9e de Shin et Akane, \u00e0 propos de Shin justement, elles ne se parlent plus. Shin, soucieux de l\u2019impact qu\u2019il a aupr\u00e8s de sa soeur, d\u00e9cide de lui donner quelques conseils, ce qui permet au tueur, de l\u2019enlever. Plus tard, dans ce m\u00eame tome, on apprend qu\u2019en fait, Hasegawa est en partie responsable de son enl\u00e8vement, et \u2026 de son viol. Oui, oui. M\u00eame si c\u2019est assez subjectif, on comprend assez ais\u00e9ment, que le jeune Hasegawa, a une passion malsaine pour les jeunes enfants et se d\u00e9cide \u00e0 l\u2019assouvir sur la petite Akane. La disparition des deux fillettes, cr\u00e9e d\u2019ailleurs beaucoup de tension entre Shin et son p\u00e8re. Ce dernier sait que Shin ne lui dit pas toute la v\u00e9rit\u00e9 et lorsqu\u2019il l\u2019interroge \u00e0 ce propos, Shin nie tout. C\u2019\u00e9tait sans compter sur l\u2019inspecteur de police de Tokyo (si mes souvenirs sont bons et je n\u2019ai pas son nom malheureusement haha), qui soup\u00e7onne le jeune Shin depuis le d\u00e9but, notamment, parce que des t\u00e9moins l\u2019ont vu s\u2019enfuir avec la bouteille d\u2019herbicide qui a tu\u00e9 la petite Chinatsu. Ce t\u00e9moin, n\u2019est autre qu\u2019Akane. Pour l\u2019inspecteur, \u00e7a ne fait aucun doute, Shin a tenter de faire taire Akane. Ce tome est vraiment bon, en partie parce que l\u2019intrigue s\u2019\u00e9p\u00e9cit encore, autour de la petite Akane dont on esp\u00e8re, qu\u2019elle aura la vie sauve. Mais on comprend Asse vite que non.&nbsp;<\/p>\n\n\n\n<p>8\/10<\/p>\n\n\n\n<h3 class=\"wp-block-heading\">12\/11\/21 &#8211; Le Bateau de Th\u00e9s\u00e9e &#8211; T4 &amp; T5 de Higashimoto Toshiya &#8211; Vega Dupuis &#8211; <a href=\"https:\/\/livre.fnac.com\/a13399034\/Le-bateau-de-Thesee-Tome-4-Le-Bateau-de-Thesee-Toshiya-Higashimoto\" target=\"_blank\" rel=\"noreferrer noopener\">Acheter (T4)<\/a> &amp; <a href=\"https:\/\/www.vega-dupuis.com\/catalogue\/seinen\/le-bateau-de-thesee-t510\" target=\"_blank\" rel=\"noreferrer noopener\">Acheter (T5)<\/a><\/h3>\n\n\n\n<p>(J\u2019ai fait deux tome en un, parce que je les ai lus \u00e0 la suite et je me suis embrouill\u00e9 dans les critiques haha).<\/p>\n\n\n\n<p>Alors l\u00e0, si je m\u2019attendais \u00e0 \u00e7a \u2026 Malgr\u00e9 les accusation qui p\u00e8se sur lui, et son arrestation \u00e0 la fin du tome pr\u00e9c\u00e9dent, Shin, est libre. Il avoue alors \u00e0 Sano qui il est, plongeant ce dernier dans un grand d\u00e9sarroi et dans une col\u00e8re assez banale. Mais la ou tout le tome surprend, c\u2019est que Shin en quittant le village d\u2019Oto Osu, se retrouve \u2026 dans sa temporalit\u00e9 ! Et alors, qu\u2019il prend conscience petit \u00e0 petit que le monde \u00e0 chang\u00e9, de par ses actions, il est mitig\u00e9 entre, sa joie de revoir Yuki et sa tristesse \u00e0 l\u2019\u00e9gard du fait qu\u2019elle ne le consid\u00e8re plus comme son mari, mais comme le fils du c\u00e9l\u00e8bre tueur d\u2019Oto Osu. Ce tome est particuli\u00e8rement surprenant, car en plus de nous permettre de comprendre que les actes de Shin dans le pass\u00e9 et dans le village d\u2019Oto Osu, ont eu des cons\u00e9quences sur son pr\u00e9sent \u00e0 lui (sans pour autant lui fabriquer des souvenirs ou des \u00e9motions qu\u2019il ne connait pas et je pense que \u00e7a sera important pour la suite et la fin du manga), on aper\u00e7oit alors ce qu\u2019est devenu le tueur. Il existe toujours et on comprend qu\u2019il ne s\u2019agit pas de Sano. D\u2019ailleurs, plus tard dans le tome, Shin rend visite au Sano du pr\u00e9sent et apprend de sa bouche qu\u2019il n\u2019a pas r\u00e9ussit \u00e0 emp\u00eacher le massacre et que les \u00e9v\u00e8nements que Shin \u00e0 modifi\u00e9, ont modifi\u00e9 plus que la trame du pr\u00e9sent, mais aussi celle du pass\u00e9. En effet, il ne s\u2019agit m\u00eame plus des m\u00eames enfants qui perdent la vie durant le Massacre d\u2019Oto Osu, mais il d\u2019agit d\u2019autres enfants. Voil\u00e0 qui rend les choses particuli\u00e8rement intriguantes et qui me donne envie de lire le tome suivant.&nbsp;<\/p>\n\n\n\n<p>8\/10<\/p>\n\n\n\n<h3 class=\"wp-block-heading\">18\/11\/21 &#8211; One Piece &#8211; T56 de Eiichiro Oda &#8211; Gl\u00e9nat &#8211; <a href=\"https:\/\/www.glenat.com\/one-piece\/one-piece-edition-originale-tome-56-9782344002001\" target=\"_blank\" rel=\"noreferrer noopener\">Acheter<\/a>&nbsp;<\/h3>\n\n\n\n<p>Encore une fois je ne peux que donner mon respect \u00e0 Oda. Ce tom n\u2019as pas un seul moment de rel\u00e2chement. Et quand on pensais que \u00e7a serait la fin, il nous sort quelque chose de plausible et on en redemande. M\u00eame si \u00e7a ressemble parfois \u00e0 des Deus Ex Machina (intervention divine), \u00e7a n\u2019en est pas, car c\u2019est expliqu\u00e9 \u00e0 chaque fois et de mani\u00e8re magistrale en plus. Et que dire de l\u2019histoire ? La tension monte encore d\u2019un cran avec la r\u00e9v\u00e9lation de la parent\u00e9 de Ace, mais aussi avec l\u2019arriv\u00e9 de Barbe Blanche. Je pense m\u00eame que c\u2019est durant les prochains combat que Luffy recevra sa fameuse cicatrice en forme de croix, l\u2019avenir me le dira.&nbsp;<\/p>\n\n\n\n<p>8\/10<\/p>\n\n\n\n<h2 class=\"wp-block-heading\">18\/11\/21 &#8211; One Piece &#8211; T57 de Eiichiro Oda &#8211; Gl\u00e9nat &#8211; <a href=\"https:\/\/www.glenat.com\/one-piece\/one-piece-edition-originale-tome-57-9782344002018\" target=\"_blank\" rel=\"noreferrer noopener\">Acheter<\/a><\/h2>\n\n\n\n<p>Ce tome. Vraiment. Je ne sais pas quoi dire tellement ce tome \u00e9tait passionnant. Tellement que j\u2019ai pr\u00e9f\u00e9r\u00e9 le lire dans le train pour avoir la suite de l\u2019histoire plut\u00f4t que de travailler sur mon roman. D\u2019un c\u00f4t\u00e9 nous avons tous les pirates les plus puissants du monde. De l\u2019autre tous les officiers de la Marine ainsi que les Corsairs. Ce combat est \u00e9lectrique. Chaque camp se rend coup pour coup sans jamais discontinuer. Malgr\u00e9 le fait que beaucoup de nouveaux personnages soient introduit, le tout reste fluide et compr\u00e9hensible. Les relations entre les personnages sont de plus en plus approfondies \u00e0 tel point qu\u2019il est parfois un peu compliqu\u00e9 de reconna\u00eetre tou les perses. Et la fin .., la fin bordel. Je ne m\u2019y attendais mais pas du tout. Quel surprise. Et les dessins ! Oda fait encore des merveilles apr\u00e8s plus de 500 chapitres. Je ne peux qu\u2019\u00eatre admiratif de son travail. Par contre, le seul hic, c\u2019est les doubles pages. Quand on les lit en scan, les doubles pages sont somptueuses et donnent vraiment l\u2019effet qu\u2019elles doivent donner. Par contre en version papier c\u2019est diff\u00e9rent. J\u2019aimerais vraiment que Gl\u00e9nat face quelque chose \u00e0 ce propose quitte \u00e0 augmenter l\u00e9g\u00e8rement la largeur des tomes. Devoir plier la tranche de son tome pour pouvoir lire des passages c\u2019est un peu emb\u00eatant.&nbsp;<\/p>\n\n\n\n<p>9.5\/10<\/p>\n\n\n\n<h3 class=\"wp-block-heading\">22\/11\/21 &#8211; 100 Bucket list of the dead &#8211; T3 de Haro Aso &amp; Kotaro Takata &#8211; Kana &#8211; <a href=\"https:\/\/livre.fnac.com\/a16056551\/Zom-100-Tome-3-Bucket-List-of-the-dead-Haro-Aso\" target=\"_blank\" rel=\"noreferrer noopener\">Acheter<\/a><\/h3>\n\n\n\n<p>Je ne sais pas si j\u2019ai d\u00e9j\u00e0 parler de cette s\u00e9rie, mais je vais faire un petit recap\u2019. Akira est un jeune japonais de 24 ans, esclave d\u2019un travail qu\u2019il d\u00e9teste et d\u2019un chef tyrannique. Le jour o\u00f9 une apocalypse zombie fait son apparition dans le monde, Akira y voit l\u00e0, l\u2019occasion de faire ce qu\u2019il a toujours eu envie et dresse une liste de 100 choses qu\u2019il veut absolument accomplir avant d\u2019\u00eatre \u00e0 son tour transformer en zombie. Seulement sur sa route plusieurs obstacles vont se dresser. Dit comme \u00e7a, le r\u00e9sume a l\u2019air d\u2019\u00eatre un truc ultra s\u00e9rieux et mature et pourtant c\u2019est tout l\u2019inverse. M\u00eame si l\u2019histoire est plut\u00f4t classique (une apocalypse zombie quo transforme quelqu\u2019un), la mani\u00e8re dont c\u2019est exploit\u00e9 est originale. C\u2019est d\u2019ailleurs ce qui fait la force du manga selon moi. Il surfe sur la vague des zombies qu\u2019on conna\u00eet depuis plusieurs ann\u00e9es en renouvelant une formule d\u00e9j\u00e0 bien \u00e9prouv\u00e9. Est-ce que \u00e7a marche ? Bien s\u00fbr. Les personnages sont certes un peu des arch\u00e9types pr\u00e9-fabriques de persos g\u00e9n\u00e9riques, mais ils sont attachant. Sans doute gr\u00e2ce au Chara-Design de Takata. L\u2019histoire se laisse suivre et on en viendrait presque \u00e0 \u00eatre jaloux de ne pas pouvoir vivre comme les h\u00e9ros du manga, le temps d\u2019une journ\u00e9e tout du moins.&nbsp;<\/p>\n\n\n\n<p>6\/10.&nbsp;<\/p>\n\n\n\n<h3 class=\"wp-block-heading\">23\/11\/21 &#8211; One Piece &#8211; T58 de Eiichiro Oda &#8211; Gl\u00e9nat &#8211; <a href=\"https:\/\/www.amazon.fr\/One-Piece-\u00c9dition-originale-blanche\/dp\/2344002022\" target=\"_blank\" rel=\"noreferrer noopener\">Acheter<\/a>&nbsp;<\/h3>\n\n\n\n<p>Comment est-ce qu\u2019on peut dire que One Piece n\u2019est pas un chef-d\u2019\u0153uvre ? Est-ce que c\u2019est l\u2019histoire qui me touche ? Ou bien simplement parce que c\u2019est un vrai chef-d\u2019\u0153uvre. Je ne pense pas que la question soit vraiment l\u00e0. Et je n\u2019ai pas vraiment les capacit\u00e9s d\u2019analyse suffisante pour pouvoir d\u00e9terminer ce qui a fait le succ\u00e8s de cette \u0153uvre. Il n\u2019emp\u00eache, que depuis maintenant plus de 10 tomes voir m\u00eame depuis la fin de l\u2019arc Arlong, nous allons de surprise en surprise, avec toujours une petite pointe de d\u00e9couverte et beaucoup d\u2019\u00e9pique. C\u2019est Tom, ne d\u00e9range pas \u00e0 cette r\u00e8gle. Alors que la bataille fait rage et \u00e0 Marine Ford, et que le destin de Ace est menac\u00e9e, Oda nous offre un spectacle de tous les instants. Bataille \u00e9pique, retournement de situation, honneur, et piraterie sont les \u00e9l\u00e9ments qui font de ce tome un succ\u00e8s. Je ne saurais en dire plus sans spoiler et il convient d\u2019\u00eatre d\u2019accord que One Piece est probablement l\u2019\u0153uvre la plus f\u00e9d\u00e9ratrice et probablement aussi une des meilleurs \u0153uvre de ces trente derni\u00e8res ann\u00e9es.&nbsp;<\/p>\n\n\n\n<p>9\/10<\/p>\n\n\n\n<h3 class=\"wp-block-heading\">25\/11\/21 &#8211; Alma &#8211; T4 (fin) de Shinji Mito &#8211; Panini Manga &#8211; <a href=\"https:\/\/livre.fnac.com\/a16005052\/Alma-Tome-04-Alma-Shinji-Mito\" target=\"_blank\" rel=\"noreferrer noopener\">Acheter<\/a><\/h3>\n\n\n\n<p>Autant j\u2019\u00e9tais super enthousiaste d\u00e8s le d\u00e9but du manga, l\u2019ambiance me plaisait et tout \u00e9tait vraiment super cool, autant la fin est \u2026 pas g\u00e9nial. M\u00eame si c\u2019est la fin correct pour le manga, je me suis sentit un peu perdu. Est-ce que c\u2019est le fait que je ne me suis pas accroch\u00e9 aux personnages de Ray et de Lukyana ou bien le fait que j\u2019ai lu les trois premiers tome en septembre et que l\u2019histoire bien qu\u2019elle soit cool, ne m\u2019a pas marqu\u00e9 autant que celle des autres mangas que j\u2019ai entre-temps ? Je pencherais pour les deux en v\u00e9rit\u00e9. Le seul point vraiment positif sont les dessins qui rendent vraiment superbement bien l\u2019ambiance qu\u2019a voulut donne l\u2019auteur \u00e0 son manga. Un manga sympa, mais sans plus.&nbsp;<\/p>\n\n\n\n<p>5.5\/10<\/p>\n\n\n\n<h3 class=\"wp-block-heading\">25\/11\/21 &#8211; Terrarium &#8211; T3 de Y\u00fcna Hirasawa &#8211; Glenat &#8211; <a href=\"https:\/\/www.planetebd.com\/manga\/glenat\/terrarium\/-\/46591.html\" target=\"_blank\" rel=\"noreferrer noopener\">Acheter<\/a><\/h3>\n\n\n\n<p>J\u2019attendais avec impatience la suite de cette histoire, qui, il faut le dire s\u2019av\u00e8re bien plus passionnante qu\u2019Alma que j\u2019ai lu juste au dessus et m\u00eame si les deux mangas abordent des th\u00e8mes similaires (fin du monde, une grande guerre, etc), la mani\u00e8re de les traiter est diff\u00e9rent parce que les histoires sont diff\u00e9rentes. Si les similarit\u00e9s s\u2019arr\u00eate l\u00e0, on peut dire que Terrarium c\u2019est mieux qu\u2019Alma, sans m\u00eame sourciller. Les personnages sont bien plus attachant que dans le manga susnomm\u00e9, m\u00eame ceux qui n\u2019apparaissent que sur un ou deux chapitres. Et pourtant on sent petit \u00e0 petit que la fin approche. J\u2019ai pu voir que l\u2019histoire doit se cl\u00f4turer au prochain tome. J\u2019ai h\u00e2te de voir ce que \u00e7a va donner parce que ce tome 3 m\u2019as donn\u00e9 d\u2019en savoir bien plus sur l\u2019univers de Terrarium qu\u2019il n\u2019y a de choses existant.&nbsp;<\/p>\n\n\n\n<p>7\/10<\/p>\n\n\n\n<h3 class=\"wp-block-heading\">26\/11\/21 &#8211; Shangri-La-Frontier &#8211; T2 de Ryosuke Fuji &amp; Katarina &#8211; Gl\u00e9nat &#8211; <a href=\"https:\/\/livre.fnac.com\/a16041025\/Shangri-La-Frontier-Tome-02-Shangri-la-Frontier-Katarina\" target=\"_blank\" rel=\"noreferrer noopener\">Acheter<\/a><\/h3>\n\n\n\n<p>Mon sentiment pour ce tome ? Je veux conna\u00eetre la suite ! Ce mangas, me parle particuli\u00e8rement. Il s\u2019agit d\u2019un univers o\u00f9 j\u2019ai beaucoup de connaissances et donc, o\u00f9 je vais facilement trouver mes rep\u00e8res. Shangri-La-Frontier, parle d\u2019un MMO, et \u00e7a c\u2019est d\u00e9j\u00e0 bien. En plus d\u2019aborder un th\u00e8me particuli\u00e8rement difficile \u00e0 retransmettre dans des dessins, le manga s\u2019av\u00e8re excellent. Les m\u00e9canique du jeu, sont assez int\u00e9ressante et je me demande ce que cela donnerait dans un m\u00e9mo classique. Il est s\u00fbre, qu\u2019avec ce genre de gameplay, World of Warcraft, aurait un succ\u00e8s encore plus fou que celui qu\u2019il a eu durant la p\u00e9riode de Wrath of the Lich King. Et que dire des dessins ? Ceci sont ultra compr\u00e9hensible. \u00c0 tel point, que l\u2019animation des combats est parfaitement lisible. A contrario d\u2019autres mangas, ou les combats sont compliqu\u00e9 \u00e0 comprendre, et parfois m\u00eame illisible, ici c\u2019est tout le contraire. Et le sc\u00e9nario, tir\u00e9 de l\u2019\u0153uvre de Katharina, est particuli\u00e8rement bien r\u00e9ussi. M\u00eame si le originel, est un roman il s\u2019adapte parfaitement au style mangas.<\/p>\n\n\n\n<p>8\/10<\/p>\n\n\n\n<h3 class=\"wp-block-heading\">27\/11\/21 &#8211; One Piece &#8211; T59 de Eiichiro Oda &#8211; Gl\u00e9nat &#8211; <a href=\"https:\/\/www.amazon.fr\/One-Piece-%C3%89dition-originale-Portgas\/dp\/2344002030\" target=\"_blank\" rel=\"noreferrer noopener\">Acheter<\/a><\/h3>\n\n\n\n<p>Quel choc. Non mais quel choc. A la fin du tome pr\u00e9c\u00e9dent, on pensait Ace sain et sauf, mais finalement, il finit par mourir. Bien que le choc de sa mort soit att\u00e9nu\u00e9 pour moi (j&rsquo;avais \u00e9t\u00e9 spoil quelques mois plus t\u00f4t sans le faire expr\u00e8s), il n&rsquo;en reste que la suite des \u00e9v\u00e8nements, rend la chose encore plus triste avecle sacrifice de Barbe-Blanche et la victoire (au gout de d\u00e9faite) de la Marine. On a ainsi pu voir les plus puissants membres de l&rsquo;organisation militaire navale se joindre au combat et on comprend que Luffy, n&rsquo;\u00e9tait de toute fa\u00e7on pas de taille \u00e0 les affronter. De plus, une nouvelle intrigue avec Barbe-Noire cette fois semble se lancer, alors qu&rsquo;on en parlait d\u00e9j\u00e0 dans les premiers tome (lors de l&rsquo;arc Drum, c&rsquo;est dire si \u00e7a ne remonte pas \u00e0 un moment). On en apprend ensuite plus sur la vie de Luffy en tant que petit gar\u00e7on et je suis persuad\u00e9 qu&rsquo;Oda nous r\u00e9serve encore des surprises. <br><br>8\/10<\/p>\n\n\n\n<h3 class=\"wp-block-heading\">27\/11\/2021 &#8211; One Piece &#8211; T60 de Eiichiro Oda &#8211; Gl\u00e9nat &#8211; <a href=\"https:\/\/www.glenat.com\/one-piece\/one-piece-edition-originale-tome-60-9782344002049\" target=\"_blank\" rel=\"noreferrer noopener\">Acheter<\/a><\/h3>\n\n\n\n<p>Ce tome est dans la continuit\u00e9 du pr\u00e9c\u00e9dent (c&rsquo;est aussi le dernier tome que je poss\u00e8de haha). On y apprend de plus en plus de choses sur Luffy, Ace et Sabo, le nouveau venu. On apprend aussi qu&rsquo;en fait, Ace et Luffy ne sont fr\u00e8res que parce qu&rsquo;ils se sont jur\u00e9s de l&rsquo;\u00eatre et non parce qu&rsquo;ils le sont biologiquement. \u00c7a remet plus de choses en perspectives selon moi, mais connaissant Luffy, qui est tr\u00e8s attach\u00e9 \u00e0 ses amis et \u00e0 ses proches (comme son grand p\u00e8re, Garp), on comprend mieux ce qui la pouss\u00e9 \u00e0 entreprendre tous ce voyage depuis Impel Down, jusqu&rsquo;\u00e0 Marine Ford. De plus, Luffy commence \u00e0 accepter la mort de Ace avec plus ou moins d&rsquo;impact sur l&rsquo;histoire. Il parvient alors \u00e0 se rendre \u00e0 nouveau \u00e0 Marine Ford pour rendre hommage \u00e0 son fr\u00e8re mais aussi faire passer un message \u00e0 ses amis. Je ne saurais dire quel \u00e9tait le message en question, parce que \u00e7a n&rsquo;a aucune signification pour moi. Mais je pense qu&rsquo;ils finiront par se retrouver \u00e0 l&rsquo;Archipel des Sabaody ou ils mettront une belle grosse claque \u00e0 ces foutus Dragons C\u00e9lestes. <\/p>\n\n\n\n<p>7\/10.<\/p>\n\n\n\n<p><\/p>\n\n\n\n<p><\/p>\n","protected":false},"excerpt":{"rendered":"<p>Deuxi\u00e8me \u00e9pisode de cette Liste de Lecture avec du menu fretin : L&rsquo;Attaque des Titans de chez Pika One Piece&hellip;<\/p>\n","protected":false},"author":1,"featured_media":0,"parent":0,"menu_order":0,"comment_status":"closed","ping_status":"closed","template":"","meta":{"footnotes":""},"class_list":["post-129","page","type-page","status-publish","hentry"],"yoast_head":"<!-- This site is optimized with the Yoast SEO plugin v27.5 - https:\/\/yoast.com\/product\/yoast-seo-wordpress\/ -->\n<title>Liste de Lecture - Novembre 2021 - Le Blog de Hirder<\/title>\n<meta name=\"description\" content=\"Liste de lecture du mois de Novembre 2021 avec : One Piece, Attaque des Titans, D\u00e9tective Conan et d&#039;autres s\u00e9ries !\" \/>\n<meta name=\"robots\" content=\"index, follow, max-snippet:-1, max-image-preview:large, max-video-preview:-1\" \/>\n<link rel=\"canonical\" href=\"https:\/\/hirder.be\/?page_id=129\" \/>\n<meta property=\"og:locale\" content=\"fr_FR\" \/>\n<meta property=\"og:type\" content=\"article\" \/>\n<meta property=\"og:title\" content=\"Liste de Lecture - Novembre 2021 - Le Blog de Hirder\" \/>\n<meta property=\"og:description\" content=\"Liste de lecture du mois de Novembre 2021 avec : One Piece, Attaque des Titans, D\u00e9tective Conan et d&#039;autres s\u00e9ries !\" \/>\n<meta property=\"og:url\" content=\"https:\/\/hirder.be\/?page_id=129\" \/>\n<meta property=\"og:site_name\" content=\"Le Blog de Hirder\" \/>\n<meta property=\"article:modified_time\" content=\"2021-12-01T08:31:50+00:00\" \/>\n<meta name=\"twitter:card\" content=\"summary_large_image\" \/>\n<meta name=\"twitter:label1\" content=\"Dur\u00e9e de lecture est.\" \/>\n\t<meta name=\"twitter:data1\" content=\"17 minutes\" \/>\n<script type=\"application\/ld+json\" class=\"yoast-schema-graph\">{\"@context\":\"https:\\\/\\\/schema.org\",\"@graph\":[{\"@type\":\"WebPage\",\"@id\":\"https:\\\/\\\/hirder.be\\\/?page_id=129\",\"url\":\"https:\\\/\\\/hirder.be\\\/?page_id=129\",\"name\":\"Liste de Lecture - Novembre 2021 - Le Blog de Hirder\",\"isPartOf\":{\"@id\":\"https:\\\/\\\/hirder.be\\\/#website\"},\"datePublished\":\"2021-12-01T08:00:00+00:00\",\"dateModified\":\"2021-12-01T08:31:50+00:00\",\"description\":\"Liste de lecture du mois de Novembre 2021 avec : One Piece, Attaque des Titans, D\u00e9tective Conan et d'autres s\u00e9ries !\",\"breadcrumb\":{\"@id\":\"https:\\\/\\\/hirder.be\\\/?page_id=129#breadcrumb\"},\"inLanguage\":\"fr-BE\",\"potentialAction\":[{\"@type\":\"ReadAction\",\"target\":[\"https:\\\/\\\/hirder.be\\\/?page_id=129\"]}]},{\"@type\":\"BreadcrumbList\",\"@id\":\"https:\\\/\\\/hirder.be\\\/?page_id=129#breadcrumb\",\"itemListElement\":[{\"@type\":\"ListItem\",\"position\":1,\"name\":\"Accueil\",\"item\":\"https:\\\/\\\/hirder.be\\\/\"},{\"@type\":\"ListItem\",\"position\":2,\"name\":\"Liste de Lecture &#8211; Novembre 2021\"}]},{\"@type\":\"WebSite\",\"@id\":\"https:\\\/\\\/hirder.be\\\/#website\",\"url\":\"https:\\\/\\\/hirder.be\\\/\",\"name\":\"Le Blog de Hirder\",\"description\":\"Chassez les succ\u00e8s, c&#039;est mon kiff.\",\"potentialAction\":[{\"@type\":\"SearchAction\",\"target\":{\"@type\":\"EntryPoint\",\"urlTemplate\":\"https:\\\/\\\/hirder.be\\\/?s={search_term_string}\"},\"query-input\":{\"@type\":\"PropertyValueSpecification\",\"valueRequired\":true,\"valueName\":\"search_term_string\"}}],\"inLanguage\":\"fr-BE\"}]}<\/script>\n<!-- \/ Yoast SEO plugin. -->","yoast_head_json":{"title":"Liste de Lecture - Novembre 2021 - Le Blog de Hirder","description":"Liste de lecture du mois de Novembre 2021 avec : One Piece, Attaque des Titans, D\u00e9tective Conan et d'autres s\u00e9ries !","robots":{"index":"index","follow":"follow","max-snippet":"max-snippet:-1","max-image-preview":"max-image-preview:large","max-video-preview":"max-video-preview:-1"},"canonical":"https:\/\/hirder.be\/?page_id=129","og_locale":"fr_FR","og_type":"article","og_title":"Liste de Lecture - Novembre 2021 - Le Blog de Hirder","og_description":"Liste de lecture du mois de Novembre 2021 avec : One Piece, Attaque des Titans, D\u00e9tective Conan et d'autres s\u00e9ries !","og_url":"https:\/\/hirder.be\/?page_id=129","og_site_name":"Le Blog de Hirder","article_modified_time":"2021-12-01T08:31:50+00:00","twitter_card":"summary_large_image","twitter_misc":{"Dur\u00e9e de lecture est.":"17 minutes"},"schema":{"@context":"https:\/\/schema.org","@graph":[{"@type":"WebPage","@id":"https:\/\/hirder.be\/?page_id=129","url":"https:\/\/hirder.be\/?page_id=129","name":"Liste de Lecture - Novembre 2021 - Le Blog de Hirder","isPartOf":{"@id":"https:\/\/hirder.be\/#website"},"datePublished":"2021-12-01T08:00:00+00:00","dateModified":"2021-12-01T08:31:50+00:00","description":"Liste de lecture du mois de Novembre 2021 avec : One Piece, Attaque des Titans, D\u00e9tective Conan et d'autres s\u00e9ries !","breadcrumb":{"@id":"https:\/\/hirder.be\/?page_id=129#breadcrumb"},"inLanguage":"fr-BE","potentialAction":[{"@type":"ReadAction","target":["https:\/\/hirder.be\/?page_id=129"]}]},{"@type":"BreadcrumbList","@id":"https:\/\/hirder.be\/?page_id=129#breadcrumb","itemListElement":[{"@type":"ListItem","position":1,"name":"Accueil","item":"https:\/\/hirder.be\/"},{"@type":"ListItem","position":2,"name":"Liste de Lecture &#8211; Novembre 2021"}]},{"@type":"WebSite","@id":"https:\/\/hirder.be\/#website","url":"https:\/\/hirder.be\/","name":"Le Blog de Hirder","description":"Chassez les succ\u00e8s, c&#039;est mon kiff.","potentialAction":[{"@type":"SearchAction","target":{"@type":"EntryPoint","urlTemplate":"https:\/\/hirder.be\/?s={search_term_string}"},"query-input":{"@type":"PropertyValueSpecification","valueRequired":true,"valueName":"search_term_string"}}],"inLanguage":"fr-BE"}]}},"_links":{"self":[{"href":"https:\/\/hirder.be\/index.php?rest_route=\/wp\/v2\/pages\/129","targetHints":{"allow":["GET"]}}],"collection":[{"href":"https:\/\/hirder.be\/index.php?rest_route=\/wp\/v2\/pages"}],"about":[{"href":"https:\/\/hirder.be\/index.php?rest_route=\/wp\/v2\/types\/page"}],"author":[{"embeddable":true,"href":"https:\/\/hirder.be\/index.php?rest_route=\/wp\/v2\/users\/1"}],"replies":[{"embeddable":true,"href":"https:\/\/hirder.be\/index.php?rest_route=%2Fwp%2Fv2%2Fcomments&post=129"}],"version-history":[{"count":5,"href":"https:\/\/hirder.be\/index.php?rest_route=\/wp\/v2\/pages\/129\/revisions"}],"predecessor-version":[{"id":139,"href":"https:\/\/hirder.be\/index.php?rest_route=\/wp\/v2\/pages\/129\/revisions\/139"}],"wp:attachment":[{"href":"https:\/\/hirder.be\/index.php?rest_route=%2Fwp%2Fv2%2Fmedia&parent=129"}],"curies":[{"name":"wp","href":"https:\/\/api.w.org\/{rel}","templated":true}]}}